{"id":1601,"date":"2022-12-27T08:51:07","date_gmt":"2022-12-27T08:51:07","guid":{"rendered":"https:\/\/iacma.com\/?page_id=1601"},"modified":"2025-11-16T11:11:52","modified_gmt":"2025-11-16T11:11:52","slug":"workshop-in-presenza-2023","status":"publish","type":"page","link":"https:\/\/iacma.com\/index.php\/workshop-in-presenza-2023\/","title":{"rendered":"workshop in presenza"},"content":{"rendered":"<div id='full_slider_1'  class='avia-fullwidth-slider main_color avia-shadow   avia-builder-el-0  el_before_av_section  avia-builder-el-first   container_wrap fullsize' style=' '  ><div   data-size='featured'  data-lightbox_size='large'  data-animation='slide'  data-conditional_play=''  data-ids='1487'  data-video_counter='0'  data-autoplay='false'  data-bg_slider='false'  data-slide_height=''  data-handle='av_slideshow_full'  data-interval='5'  data-class=' '  data-el_id=''  data-css_id=''  data-scroll_down=''  data-control_layout='av-control-default'  data-custom_markup=''  data-perma_caption=''  data-autoplay_stopper=''  data-image_attachment=''  data-min_height='0px'  data-lazy_loading='disabled'  data-src=''  data-position='top left'  data-repeat='no-repeat'  data-attach='scroll'  data-stretch=''  data-default-height='28.666666666667'  class='avia-slideshow avia-slideshow-1  av-control-default av-default-height-applied avia-slideshow-featured av_slideshow_full   avia-slide-slider '  itemprop=\"image\" itemscope=\"itemscope\" itemtype=\"https:\/\/schema.org\/ImageObject\" ><ul class='avia-slideshow-inner ' style='padding-bottom: 28.666666666667%;' ><li  class=' av-single-slide slide-1 ' ><div data-rel='slideshow-1' class='avia-slide-wrap '   ><img decoding=\"async\" class=\"wp-image-1487 avia-img-lazy-loading-not-1487\"  src=\"https:\/\/iacma.com\/wp-content\/uploads\/2022\/01\/loto-1-1500x430.jpg\" width=\"1500\" height=\"430\" title='loto-1' alt=''  itemprop=\"thumbnailUrl\" srcset=\"https:\/\/iacma.com\/wp-content\/uploads\/2022\/01\/loto-1.jpg 1500w, https:\/\/iacma.com\/wp-content\/uploads\/2022\/01\/loto-1-300x86.jpg 300w, https:\/\/iacma.com\/wp-content\/uploads\/2022\/01\/loto-1-1030x295.jpg 1030w, https:\/\/iacma.com\/wp-content\/uploads\/2022\/01\/loto-1-768x220.jpg 768w, https:\/\/iacma.com\/wp-content\/uploads\/2022\/01\/loto-1-705x202.jpg 705w\" sizes=\"(max-width: 1500px) 100vw, 1500px\" \/><\/div><\/li><\/ul><\/div><\/div>\n<div id='av_section_1'  class='avia-section main_color avia-section-default avia-no-border-styling  avia-bg-style-scroll  avia-builder-el-1  el_after_av_slideshow_full  el_before_av_section   container_wrap fullsize' style='background-color: #ffffff;  '  ><div class='container' ><div class='template-page content  av-content-full alpha units'><div class='post-entry post-entry-type-page post-entry-1601'><div class='entry-content-wrapper clearfix'>\n<div class=\"flex_column av_two_third  flex_column_div av-zero-column-padding first  avia-builder-el-2  el_before_av_one_third  avia-builder-el-first  \" style='border-radius:0px; '><p><div  style='padding-bottom:10px; color:#75464a;' class='av-special-heading av-special-heading-h3 custom-color-heading   avia-builder-el-3  el_before_av_heading  avia-builder-el-first  '><h3 class='av-special-heading-tag '  itemprop=\"headline\"  >1\u00b0 Corso di Formazione triennale &#8211; Discipline interne Energetiche e Olistiche <\/h3><div class='special-heading-border'><div class='special-heading-inner-border' style='border-color:#75464a'><\/div><\/div><\/div><br \/>\n<div  style='padding-bottom:10px; color:#75464a;' class='av-special-heading av-special-heading-h5 custom-color-heading   avia-builder-el-4  el_after_av_heading  el_before_av_hr  '><h5 class='av-special-heading-tag '  itemprop=\"headline\"  >Presso Centro IACMA in Via Sonvico 9 a Lugano<\/h5><div class='special-heading-border'><div class='special-heading-inner-border' style='border-color:#75464a'><\/div><\/div><\/div><br \/>\n<div  style='height:30px' class='hr hr-invisible   avia-builder-el-5  el_after_av_heading  el_before_av_textblock '><span class='hr-inner ' ><span class='hr-inner-style'><\/span><\/span><\/div><br \/>\n<section class=\"av_textblock_section \"  itemscope=\"itemscope\" itemtype=\"https:\/\/schema.org\/CreativeWork\" ><div class='avia_textblock  '   itemprop=\"text\" ><p>1\u00b0 corso di formazione triennale<\/p>\n<p>Discipline interne energetiche e olistiche<\/p>\n<ul>\n<li>Taijiquan<\/li>\n<li>Neigong Tuina<\/li>\n<li>Meditazione Chan<\/li>\n<li>Qigong Terapeutico<\/li>\n<li>Neigong<\/li>\n<li>Dao Yin<\/li>\n<\/ul>\n<p><em>Iscrizioni aperte: \u00a0 info@iacma.com<\/em><\/p>\n<\/div><\/section><\/p><\/div><div class=\"flex_column av_one_third  flex_column_div av-zero-column-padding   avia-builder-el-7  el_after_av_two_third  avia-builder-el-last  \" style='border-radius:0px; '><div  class='avia-image-container  av-styling-    avia-builder-el-8  avia-builder-el-no-sibling  avia-align-center '  itemprop=\"image\" itemscope=\"itemscope\" itemtype=\"https:\/\/schema.org\/ImageObject\"  ><div class='avia-image-container-inner'><div class='avia-image-overlay-wrap'><img decoding=\"async\" class='wp-image-2814 avia-img-lazy-loading-not-2814 avia_image' src=\"https:\/\/iacma.com\/wp-content\/uploads\/2025\/11\/Flayer-Formazione-Discipline-Integrate-728x1030.jpg\" alt='' title='Flayer Formazione Discipline Integrate' height=\"1030\" width=\"728\"  itemprop=\"thumbnailUrl\" srcset=\"https:\/\/iacma.com\/wp-content\/uploads\/2025\/11\/Flayer-Formazione-Discipline-Integrate-728x1030.jpg 728w, https:\/\/iacma.com\/wp-content\/uploads\/2025\/11\/Flayer-Formazione-Discipline-Integrate-212x300.jpg 212w, https:\/\/iacma.com\/wp-content\/uploads\/2025\/11\/Flayer-Formazione-Discipline-Integrate-768x1086.jpg 768w, https:\/\/iacma.com\/wp-content\/uploads\/2025\/11\/Flayer-Formazione-Discipline-Integrate-1086x1536.jpg 1086w, https:\/\/iacma.com\/wp-content\/uploads\/2025\/11\/Flayer-Formazione-Discipline-Integrate-1060x1500.jpg 1060w, https:\/\/iacma.com\/wp-content\/uploads\/2025\/11\/Flayer-Formazione-Discipline-Integrate-498x705.jpg 498w, https:\/\/iacma.com\/wp-content\/uploads\/2025\/11\/Flayer-Formazione-Discipline-Integrate.jpg 1240w\" sizes=\"(max-width: 728px) 100vw, 728px\" \/><\/div><\/div><\/div><\/div><\/div><\/div><\/div><!-- close content main div --><\/div><\/div><div id='av_section_2'  class='avia-section main_color avia-section-default avia-no-border-styling  avia-bg-style-scroll  avia-builder-el-9  el_after_av_section  el_before_av_section   container_wrap fullsize' style='background-color: #ededed;  '  ><div class='container' ><div class='template-page content  av-content-full alpha units'><div class='post-entry post-entry-type-page post-entry-1601'><div class='entry-content-wrapper clearfix'>\n<div  style='padding-bottom:10px; ' class='av-special-heading av-special-heading-h1  blockquote modern-quote modern-centered  avia-builder-el-10  el_before_av_textblock  avia-builder-el-first  '><h1 class='av-special-heading-tag '  itemprop=\"headline\"  >Workshop in presenza 2025<\/h1><div class='special-heading-border'><div class='special-heading-inner-border' ><\/div><\/div><\/div>\n<section class=\"av_textblock_section \"  itemscope=\"itemscope\" itemtype=\"https:\/\/schema.org\/CreativeWork\" ><div class='avia_textblock  '   itemprop=\"text\" ><p style=\"text-align: center;\">Incontri con il M\u00b0 Wang\u00a0 Zhixiang e il M\u00b0 Isidoro Li Pira (Dao Le)<\/p>\n<\/div><\/section>\n<\/p>\n<\/div><\/div><\/div><!-- close content main div --><\/div><\/div><div id='av_section_3'  class='avia-section main_color avia-section-default avia-no-border-styling  avia-bg-style-scroll  avia-builder-el-12  el_after_av_section  el_before_av_section   container_wrap fullsize' style='background-color: #ffffff;  '  ><div class='container' ><div class='template-page content  av-content-full alpha units'><div class='post-entry post-entry-type-page post-entry-1601'><div class='entry-content-wrapper clearfix'>\n<div class=\"flex_column av_two_third  flex_column_div av-zero-column-padding first  avia-builder-el-13  el_before_av_one_third  avia-builder-el-first  \" style='border-radius:0px; '><p><div  style='padding-bottom:10px; color:#75464a;' class='av-special-heading av-special-heading-h3 custom-color-heading   avia-builder-el-14  el_before_av_heading  avia-builder-el-first  '><h3 class='av-special-heading-tag '  itemprop=\"headline\"  >Primo stage anno 2025 a Lugano con il M\u00b0 Dott. Wang Zhixing e <span class='special_amp'>&#8220;<\/span>il Taijiquan dell\u2019Acqua<span class='special_amp'>&#8221;<\/span><\/h3><div class='special-heading-border'><div class='special-heading-inner-border' style='border-color:#75464a'><\/div><\/div><\/div><br \/>\n<div  style='padding-bottom:10px; color:#75464a;' class='av-special-heading av-special-heading-h5 custom-color-heading   avia-builder-el-15  el_after_av_heading  el_before_av_hr  '><h5 class='av-special-heading-tag '  itemprop=\"headline\"  >Presso Centro IACMA in Via Sonvico 9 a Lugano<br \/>venerd\u00ec 21 novembre 2025<br \/>sabato 22 novembre 2025<br \/>domenica 23 novembre 2025<\/h5><div class='special-heading-border'><div class='special-heading-inner-border' style='border-color:#75464a'><\/div><\/div><\/div><br \/>\n<div  style='height:30px' class='hr hr-invisible   avia-builder-el-16  el_after_av_heading  el_before_av_textblock '><span class='hr-inner ' ><span class='hr-inner-style'><\/span><\/span><\/div><br \/>\n<section class=\"av_textblock_section \"  itemscope=\"itemscope\" itemtype=\"https:\/\/schema.org\/CreativeWork\" ><div class='avia_textblock  '   itemprop=\"text\" ><p>Il M\u00b0 Wang sar\u00e0 coadiuvato dal M\u00b0 Isidoro Li Pira (responsabile della formazione Internazionale)<\/p>\n<p>Programma dello stage:<\/p>\n<ul>\n<li>Venerd\u00ec 21 novembre &#8211; dalle 19:45 alle 21:30\u00a0 \u00a0Serata dedicata alla Meditazione Chan e &#8220;mantra&#8221;, &#8220;Satsan e recitazione dei mantra&#8221;;<\/li>\n<li>Sabato 22 novembre &#8211; dalle 09:30 alle 17:00\u00a0 \u00a0Qigong Fondamentale per il\u00a0 lavoro interno Neigong e la forma Quanjia;<\/li>\n<li>Domenica 23 novembre &#8211; dalle 09:30 alle 17:00\u00a0 \u00a0Taijiquan dell\u2019acqua: i concetti alla base del sistema e la pratica a solo sulla forma del lavoro a due Tuishou<\/li>\n<\/ul>\n<p><em>Iscrizioni entro il 15 novembre 2025 tramite il formulario allegato.<\/em><\/p>\n<p><em>Informazioni e iscrizioni:\u00a0 \u00a0segreteria@iacma.com\u00a0 \u00a0+41 79 409 52 94<\/em><\/p>\n<\/div><\/section><br \/>\n<div  style='height:30px' class='hr hr-invisible   avia-builder-el-18  el_after_av_textblock  el_before_av_button '><span class='hr-inner ' ><span class='hr-inner-style'><\/span><\/span><\/div><br \/>\n<div  class='avia-button-wrap avia-button-left  avia-builder-el-19  el_after_av_hr  avia-builder-el-last ' ><a href='https:\/\/iacma.com\/wp-content\/uploads\/2025\/09\/Workshop-Lugano-Novembre-2025-ITA.pdf'  class='avia-button  avia-color-theme-color   avia-icon_select-no avia-size-small avia-position-left '   ><span class='avia_iconbox_title' >Scarica il form di iscrizione<\/span><\/a><\/div><\/p><\/div><div class=\"flex_column av_one_third  flex_column_div av-zero-column-padding   avia-builder-el-20  el_after_av_two_third  avia-builder-el-last  \" style='border-radius:0px; '><div  class='avia-image-container  av-styling-    avia-builder-el-21  avia-builder-el-no-sibling  avia-align-center '  itemprop=\"image\" itemscope=\"itemscope\" itemtype=\"https:\/\/schema.org\/ImageObject\"  ><div class='avia-image-container-inner'><div class='avia-image-overlay-wrap'><img decoding=\"async\" class='wp-image-2766 avia-img-lazy-loading-not-2766 avia_image' src=\"https:\/\/iacma.com\/wp-content\/uploads\/2025\/09\/Workshop-Lugano-Novembre-2025-ITA-728x1030.jpg\" alt='' title='Workshop Lugano Novembre 2025-ITA' height=\"1030\" width=\"728\"  itemprop=\"thumbnailUrl\" srcset=\"https:\/\/iacma.com\/wp-content\/uploads\/2025\/09\/Workshop-Lugano-Novembre-2025-ITA-728x1030.jpg 728w, https:\/\/iacma.com\/wp-content\/uploads\/2025\/09\/Workshop-Lugano-Novembre-2025-ITA-212x300.jpg 212w, https:\/\/iacma.com\/wp-content\/uploads\/2025\/09\/Workshop-Lugano-Novembre-2025-ITA-768x1086.jpg 768w, https:\/\/iacma.com\/wp-content\/uploads\/2025\/09\/Workshop-Lugano-Novembre-2025-ITA-1086x1536.jpg 1086w, https:\/\/iacma.com\/wp-content\/uploads\/2025\/09\/Workshop-Lugano-Novembre-2025-ITA-1060x1500.jpg 1060w, https:\/\/iacma.com\/wp-content\/uploads\/2025\/09\/Workshop-Lugano-Novembre-2025-ITA-498x705.jpg 498w, https:\/\/iacma.com\/wp-content\/uploads\/2025\/09\/Workshop-Lugano-Novembre-2025-ITA.jpg 1240w\" sizes=\"(max-width: 728px) 100vw, 728px\" \/><\/div><\/div><\/div><\/div><\/div><\/div><\/div><!-- close content main div --><\/div><\/div><div id='av_section_4'  class='avia-section main_color avia-section-default avia-no-border-styling  avia-bg-style-scroll  avia-builder-el-22  el_after_av_section  el_before_av_section   container_wrap fullsize' style='background-color: #ededed;  '  ><div class='container' ><div class='template-page content  av-content-full alpha units'><div class='post-entry post-entry-type-page post-entry-1601'><div class='entry-content-wrapper clearfix'>\n<div class=\"flex_column av_two_third  flex_column_div av-zero-column-padding first  avia-builder-el-23  el_before_av_one_third  avia-builder-el-first  \" style='border-radius:0px; '><p><div  style='padding-bottom:10px; color:#75464a;' class='av-special-heading av-special-heading-h3 custom-color-heading   avia-builder-el-24  el_before_av_heading  avia-builder-el-first  '><h3 class='av-special-heading-tag '  itemprop=\"headline\"  ><span class='special_amp'>\u201c<\/span>il Taijiquan dell\u2019acqua<span class='special_amp'>\u201d<\/span> &#8211; Anno 2025 \u2018settembre-dicembre\u2019<\/h3><div class='special-heading-border'><div class='special-heading-inner-border' style='border-color:#75464a'><\/div><\/div><\/div><br \/>\n<div  style='padding-bottom:10px; color:#75464a;' class='av-special-heading av-special-heading-h5 custom-color-heading   avia-builder-el-25  el_after_av_heading  el_before_av_hr  '><h5 class='av-special-heading-tag '  itemprop=\"headline\"  >Presso Centro IACMA in Via Sonvico 9 a Lugano<br \/>6\/7 set &#8211; 4\/5 ott &#8211; 8\/9 nov &#8211; 6\/7 dic 2025<\/h5><div class='special-heading-border'><div class='special-heading-inner-border' style='border-color:#75464a'><\/div><\/div><\/div><br \/>\n<div  style='height:30px' class='hr hr-invisible   avia-builder-el-26  el_after_av_heading  el_before_av_textblock '><span class='hr-inner ' ><span class='hr-inner-style'><\/span><\/span><\/div><br \/>\n<section class=\"av_textblock_section \"  itemscope=\"itemscope\" itemtype=\"https:\/\/schema.org\/CreativeWork\" ><div class='avia_textblock  '   itemprop=\"text\" ><p>Incontri di formazione e aggiornamento aperti a tutti gli studenti di tutti i livelli ed insegnanti di 1\u00b0 e 2\u00b0 livello.<\/p>\n<p><strong>Temi degli incontri<\/strong><br \/>\nNeigong: fondamenti e cultura pratica;<br \/>\nZhang zhuang e Doyin Qigong;<br \/>\nTaijiquan: pratica e cultura;<br \/>\nQuan Jia: sviluppo dell&#8217;esperienza attraverso la forma<br \/>\n(lo scorrere fluido della 1\u00b0 forma, l&#8217;onda oscillatoria della 2\u00b0 forma);<br \/>\nTuishou: sviluppo della sensorialit\u00e0 e didattica sulle 20 forze;<br \/>\nSanshou: le molteplici applicazioni del Taijiquan.<\/p>\n<p><em>Informazioni e iscrizioni:\u00a0 \u00a0segreteria@iacma.com\u00a0 \u00a0+41 79 409 52 94<\/em><\/p>\n<\/div><\/section><br \/>\n<div  style='height:30px' class='hr hr-invisible   avia-builder-el-28  el_after_av_textblock  el_before_av_button '><span class='hr-inner ' ><span class='hr-inner-style'><\/span><\/span><\/div><br \/>\n<div  class='avia-button-wrap avia-button-left  avia-builder-el-29  el_after_av_hr  avia-builder-el-last ' ><a href='https:\/\/iacma.com\/wp-content\/uploads\/2025\/07\/ITA-Appuntamenti-Formaz-Aggiorn-Lugano25.pdf'  class='avia-button  avia-color-theme-color   avia-icon_select-no avia-size-small avia-position-left '   ><span class='avia_iconbox_title' >Scarica il form di iscrizione<\/span><\/a><\/div><\/p><\/div><div class=\"flex_column av_one_third  flex_column_div av-zero-column-padding   avia-builder-el-30  el_after_av_two_third  avia-builder-el-last  \" style='border-radius:0px; '><div  class='avia-image-container  av-styling-    avia-builder-el-31  avia-builder-el-no-sibling  avia-align-center '  itemprop=\"image\" itemscope=\"itemscope\" itemtype=\"https:\/\/schema.org\/ImageObject\"  ><div class='avia-image-container-inner'><div class='avia-image-overlay-wrap'><img decoding=\"async\" class='wp-image-2727 avia-img-lazy-loading-not-2727 avia_image' src=\"https:\/\/iacma.com\/wp-content\/uploads\/2025\/07\/ITA-Appuntamenti-Formaz-Aggiorn-Lugano25-728x1030.jpg\" alt='' title='ITA-Appuntamenti Formaz-Aggiorn-Lugano&#039;25' height=\"1030\" width=\"728\"  itemprop=\"thumbnailUrl\" srcset=\"https:\/\/iacma.com\/wp-content\/uploads\/2025\/07\/ITA-Appuntamenti-Formaz-Aggiorn-Lugano25-728x1030.jpg 728w, https:\/\/iacma.com\/wp-content\/uploads\/2025\/07\/ITA-Appuntamenti-Formaz-Aggiorn-Lugano25-212x300.jpg 212w, https:\/\/iacma.com\/wp-content\/uploads\/2025\/07\/ITA-Appuntamenti-Formaz-Aggiorn-Lugano25-768x1086.jpg 768w, https:\/\/iacma.com\/wp-content\/uploads\/2025\/07\/ITA-Appuntamenti-Formaz-Aggiorn-Lugano25-1086x1536.jpg 1086w, https:\/\/iacma.com\/wp-content\/uploads\/2025\/07\/ITA-Appuntamenti-Formaz-Aggiorn-Lugano25-1060x1500.jpg 1060w, https:\/\/iacma.com\/wp-content\/uploads\/2025\/07\/ITA-Appuntamenti-Formaz-Aggiorn-Lugano25-498x705.jpg 498w, https:\/\/iacma.com\/wp-content\/uploads\/2025\/07\/ITA-Appuntamenti-Formaz-Aggiorn-Lugano25.jpg 1240w\" sizes=\"(max-width: 728px) 100vw, 728px\" \/><\/div><\/div><\/div><\/div>\n<\/p>\n<\/div><\/div><\/div><!-- close content main div --><\/div><\/div><div id='av_section_5'  class='avia-section main_color avia-section-default avia-no-border-styling  avia-bg-style-scroll  avia-builder-el-32  el_after_av_section  el_before_av_section   container_wrap fullsize' style='background-color: #ffffff;  '  ><div class='container' ><div class='template-page content  av-content-full alpha units'><div class='post-entry post-entry-type-page post-entry-1601'><div class='entry-content-wrapper clearfix'>\n<div class=\"flex_column av_two_third  flex_column_div av-zero-column-padding first  avia-builder-el-33  el_before_av_one_third  avia-builder-el-first  \" style='border-radius:0px; '><p><div  style='padding-bottom:10px; color:#75464a;' class='av-special-heading av-special-heading-h3 custom-color-heading   avia-builder-el-34  el_before_av_heading  avia-builder-el-first  '><h3 class='av-special-heading-tag '  itemprop=\"headline\"  >Stage d\u2019estate Qigong e Taijiquan 2025 &#8211; <span class='special_amp'>&#8220;<\/span>Tra cielo e terra<span class='special_amp'>&#8221;<\/span><\/h3><div class='special-heading-border'><div class='special-heading-inner-border' style='border-color:#75464a'><\/div><\/div><\/div><br \/>\n<div  style='padding-bottom:10px; color:#75464a;' class='av-special-heading av-special-heading-h5 custom-color-heading   avia-builder-el-35  el_after_av_heading  el_before_av_hr  '><h5 class='av-special-heading-tag '  itemprop=\"headline\"  >Presso La Voie du Taiji a B\u00e9ziers in Francia<br \/>da marted\u00ec 12 a sabato 16 agosto 2025<\/h5><div class='special-heading-border'><div class='special-heading-inner-border' style='border-color:#75464a'><\/div><\/div><\/div><br \/>\n<div  style='height:30px' class='hr hr-invisible   avia-builder-el-36  el_after_av_heading  el_before_av_textblock '><span class='hr-inner ' ><span class='hr-inner-style'><\/span><\/span><\/div><br \/>\n<section class=\"av_textblock_section \"  itemscope=\"itemscope\" itemtype=\"https:\/\/schema.org\/CreativeWork\" ><div class='avia_textblock  '   itemprop=\"text\" ><p>Tra cielo e terra, a 5 minuti da B\u00e9ziers, si svolge questo stage per scoprire, consolidare o perfezionare le conoscenze acquisite quest&#8217;anno e negli anni passati. Immersione nei principi fondamentali del Qigong e del Taijiquan permette di attivare in modo naturale l&#8217;energia vitale per regolare lo stress, l&#8217;equilibrio fisico ed emotivo, cos\u00ec da preservare salute e benessere.<\/p>\n<p><strong>Programma dello stage &#8211; il mattino:<\/strong><\/p>\n<ul>\n<li><strong>08:00-09:30\u00a0 \u00a0Qigong e Meditazione<\/strong><\/li>\n<li><strong>09:45-12:30\u00a0 \u00a0Taijiquan &#8211; Forma dell&#8217;acqua (fondamenti di base, Neigong, Tuishu, applicazioni marziali)<\/strong><\/li>\n<\/ul>\n<p><em>Per le iscrizioni seguire i punti seguenti:<\/em><\/p>\n<p><em>punto 1. prenotazione a Christine Serre-Giuliani via SMS al n. 0033 6 63 76 48 94;<\/em><\/p>\n<p><em>punto 2. convalida della prenotazione: compila il formulario allegato e riconsegnalo a mano a Charlotte durante le lezioni o inviare al seguente indirizzo: Charlotte Wurms, 3 bis avenue Georges Cl\u00e9menceau, 34490 Th\u00e9zan Les B\u00e9ziers.<\/em><\/p>\n<p><em>Per informazioni:\u00a0 Charlotte n. 0033 6 22 73 66 42\u00a0 \u00a0www.lavoiedutaiji.fr<\/em><\/p>\n<\/div><\/section><br \/>\n<div  style='height:30px' class='hr hr-invisible   avia-builder-el-38  el_after_av_textblock  avia-builder-el-last '><span class='hr-inner ' ><span class='hr-inner-style'><\/span><\/span><\/div><\/p><\/div><div class=\"flex_column av_one_third  flex_column_div av-zero-column-padding   avia-builder-el-39  el_after_av_two_third  avia-builder-el-last  \" style='border-radius:0px; '><div  class='avia-image-container  av-styling-    avia-builder-el-40  avia-builder-el-no-sibling  avia-align-center '  itemprop=\"image\" itemscope=\"itemscope\" itemtype=\"https:\/\/schema.org\/ImageObject\"  ><div class='avia-image-container-inner'><div class='avia-image-overlay-wrap'><img decoding=\"async\" class='wp-image-2746 avia-img-lazy-loading-not-2746 avia_image' src=\"https:\/\/iacma.com\/wp-content\/uploads\/2025\/07\/Beziers-2025-718x1030.jpg\" alt='' title='Beziers 2025' height=\"1030\" width=\"718\"  itemprop=\"thumbnailUrl\" srcset=\"https:\/\/iacma.com\/wp-content\/uploads\/2025\/07\/Beziers-2025-718x1030.jpg 718w, https:\/\/iacma.com\/wp-content\/uploads\/2025\/07\/Beziers-2025-209x300.jpg 209w, https:\/\/iacma.com\/wp-content\/uploads\/2025\/07\/Beziers-2025-768x1102.jpg 768w, https:\/\/iacma.com\/wp-content\/uploads\/2025\/07\/Beziers-2025-1070x1536.jpg 1070w, https:\/\/iacma.com\/wp-content\/uploads\/2025\/07\/Beziers-2025-1045x1500.jpg 1045w, https:\/\/iacma.com\/wp-content\/uploads\/2025\/07\/Beziers-2025-491x705.jpg 491w, https:\/\/iacma.com\/wp-content\/uploads\/2025\/07\/Beziers-2025.jpg 1087w\" sizes=\"(max-width: 718px) 100vw, 718px\" \/><\/div><\/div><\/div><\/div>\n\n<\/div><\/div><\/div><!-- close content main div --><\/div><\/div><div id='av_section_6'  class='avia-section main_color avia-section-default avia-no-border-styling  avia-bg-style-scroll  avia-builder-el-41  el_after_av_section  el_before_av_section   container_wrap fullsize' style='background-color: #ededed;  '  ><div class='container' ><div class='template-page content  av-content-full alpha units'><div class='post-entry post-entry-type-page post-entry-1601'><div class='entry-content-wrapper clearfix'>\n<div class=\"flex_column av_two_third  flex_column_div av-zero-column-padding first  avia-builder-el-42  el_before_av_one_third  avia-builder-el-first  \" style='border-radius:0px; '><p><div  style='padding-bottom:10px; color:#75464a;' class='av-special-heading av-special-heading-h3 custom-color-heading   avia-builder-el-43  el_before_av_heading  avia-builder-el-first  '><h3 class='av-special-heading-tag '  itemprop=\"headline\"  >Ventaglio Taiji stile Yang e applicazioni<\/h3><div class='special-heading-border'><div class='special-heading-inner-border' style='border-color:#75464a'><\/div><\/div><\/div><br \/>\n<div  style='padding-bottom:10px; color:#75464a;' class='av-special-heading av-special-heading-h5 custom-color-heading   avia-builder-el-44  el_after_av_heading  el_before_av_hr  '><h5 class='av-special-heading-tag '  itemprop=\"headline\"  >Presso Parco Morosini a Vezia<br \/>sabato 26 luglio 2025<br \/>dalle 09:30 alle 12:00 e dalle 13:30 alle 15:30<br \/>domenica 27 luglio 2025<br \/>dalle 09:30 alle 13:30<\/h5><div class='special-heading-border'><div class='special-heading-inner-border' style='border-color:#75464a'><\/div><\/div><\/div><br \/>\n<div  style='height:30px' class='hr hr-invisible   avia-builder-el-45  el_after_av_heading  el_before_av_textblock '><span class='hr-inner ' ><span class='hr-inner-style'><\/span><\/span><\/div><br \/>\n<section class=\"av_textblock_section \"  itemscope=\"itemscope\" itemtype=\"https:\/\/schema.org\/CreativeWork\" ><div class='avia_textblock  '   itemprop=\"text\" ><p>Ventaglio del sistema tradizionale della scuola Yang del Taijiquan<\/p>\n<p>Due giornate intensive dedicate allo studio del ventaglio classico di Taijiquan e le sue molteplici applicazioni.<\/p>\n<p>Sabato 26.07.2025 &#8211; dalle 09:30 alle 12:00 e dalle 13:30 alle 15:30<\/p>\n<p>Domenica 27.07.2025 &#8211; dalle 09:30 alle 13:30<\/p>\n<p><strong>Temi degli incontri<\/strong><br \/>\nJibengong: i fondamentali didattici sul maneggio del ventaglio;<br \/>\nSanshou Duilien: esercizi applicativi a due;<br \/>\nTaiji Shanzi: la sequenza di forma 56 sequenze.<\/p>\n<\/div><\/section><br \/>\n<div  style='height:30px' class='hr hr-invisible   avia-builder-el-47  el_after_av_textblock  avia-builder-el-last '><span class='hr-inner ' ><span class='hr-inner-style'><\/span><\/span><\/div><\/p><\/div><div class=\"flex_column av_one_third  flex_column_div av-zero-column-padding   avia-builder-el-48  el_after_av_two_third  avia-builder-el-last  \" style='border-radius:0px; '><div  class='avia-image-container  av-styling-    avia-builder-el-49  avia-builder-el-no-sibling  avia-align-center '  itemprop=\"image\" itemscope=\"itemscope\" itemtype=\"https:\/\/schema.org\/ImageObject\"  ><div class='avia-image-container-inner'><div class='avia-image-overlay-wrap'><img decoding=\"async\" class='wp-image-2729 avia-img-lazy-loading-not-2729 avia_image' src=\"https:\/\/iacma.com\/wp-content\/uploads\/2025\/07\/Workshop-Ventaglio-Taijiquan-Lug-2025-728x1030.jpg\" alt='' title='Workshop-Ventaglio Taijiquan Lug-2025' height=\"1030\" width=\"728\"  itemprop=\"thumbnailUrl\" srcset=\"https:\/\/iacma.com\/wp-content\/uploads\/2025\/07\/Workshop-Ventaglio-Taijiquan-Lug-2025-728x1030.jpg 728w, https:\/\/iacma.com\/wp-content\/uploads\/2025\/07\/Workshop-Ventaglio-Taijiquan-Lug-2025-212x300.jpg 212w, https:\/\/iacma.com\/wp-content\/uploads\/2025\/07\/Workshop-Ventaglio-Taijiquan-Lug-2025-768x1086.jpg 768w, https:\/\/iacma.com\/wp-content\/uploads\/2025\/07\/Workshop-Ventaglio-Taijiquan-Lug-2025-1086x1536.jpg 1086w, https:\/\/iacma.com\/wp-content\/uploads\/2025\/07\/Workshop-Ventaglio-Taijiquan-Lug-2025-1060x1500.jpg 1060w, https:\/\/iacma.com\/wp-content\/uploads\/2025\/07\/Workshop-Ventaglio-Taijiquan-Lug-2025-498x705.jpg 498w, https:\/\/iacma.com\/wp-content\/uploads\/2025\/07\/Workshop-Ventaglio-Taijiquan-Lug-2025.jpg 1240w\" sizes=\"(max-width: 728px) 100vw, 728px\" \/><\/div><\/div><\/div><\/div><\/div><\/div><\/div><!-- close content main div --><\/div><\/div><div id='av_section_7'  class='avia-section main_color avia-section-default avia-no-border-styling  avia-bg-style-scroll  avia-builder-el-50  el_after_av_section  el_before_av_section   container_wrap fullsize' style='background-color: #ffffff;  '  ><div class='container' ><div class='template-page content  av-content-full alpha units'><div class='post-entry post-entry-type-page post-entry-1601'><div class='entry-content-wrapper clearfix'>\n<div class=\"flex_column av_two_third  flex_column_div av-zero-column-padding first  avia-builder-el-51  el_before_av_one_third  avia-builder-el-first  \" style='border-radius:0px; '><p><div  style='padding-bottom:10px; color:#75464a;' class='av-special-heading av-special-heading-h3 custom-color-heading   avia-builder-el-52  el_before_av_heading  avia-builder-el-first  '><h3 class='av-special-heading-tag '  itemprop=\"headline\"  ><span class='special_amp'>\u201c<\/span>il Taijiquan dell\u2019acqua<span class='special_amp'>\u201d<\/span> &#8211; Anno 2024\/2025<\/h3><div class='special-heading-border'><div class='special-heading-inner-border' style='border-color:#75464a'><\/div><\/div><\/div><br \/>\n<div  style='padding-bottom:10px; color:#75464a;' class='av-special-heading av-special-heading-h5 custom-color-heading   avia-builder-el-53  el_after_av_heading  el_before_av_hr  '><h5 class='av-special-heading-tag '  itemprop=\"headline\"  >Presso Centro IACMA in Via Sonvico 9 a Lugano<br \/>7\/8 set &#8211; 5\/6 ott &#8211; 9\/10 nov &#8211; 7\/8 dic 2024<br \/>11\/12 gen &#8211; 1\/2 feb &#8211; 1\/2 mar &#8211; 12\/13 apr &#8211; 10\/11 mag &#8211; 7\/8 giu 2025<\/h5><div class='special-heading-border'><div class='special-heading-inner-border' style='border-color:#75464a'><\/div><\/div><\/div><br \/>\n<div  style='height:30px' class='hr hr-invisible   avia-builder-el-54  el_after_av_heading  el_before_av_textblock '><span class='hr-inner ' ><span class='hr-inner-style'><\/span><\/span><\/div><br \/>\n<section class=\"av_textblock_section \"  itemscope=\"itemscope\" itemtype=\"https:\/\/schema.org\/CreativeWork\" ><div class='avia_textblock  '   itemprop=\"text\" ><p>Incontri di formazione e aggiornamento aperti a tutti gli studenti di tutti i livelli ed insegnanti di 1\u00b0 e 2\u00b0 livello.<\/p>\n<p><strong>Temi degli incontri<\/strong><br \/>\nNeigong: fondamenti e cultura pratica;<br \/>\nZhang zhuang e Doyin Qigong;<br \/>\nTaijiquan: pratica e cultura;<br \/>\nQuan Jia: sviluppo dell&#8217;esperienza attraverso la forma<br \/>\n(lo scorrere fluido della 1\u00b0 forma, l&#8217;onda oscillatoria della 2\u00b0 forma);<br \/>\nTuishou: sviluppo della sensorialit\u00e0 e didattica sulle 20 forze;<br \/>\nSanshou: le molteplici applicazioni del Taijiquan.<\/p>\n<\/div><\/section><br \/>\n<div  style='height:30px' class='hr hr-invisible   avia-builder-el-56  el_after_av_textblock  avia-builder-el-last '><span class='hr-inner ' ><span class='hr-inner-style'><\/span><\/span><\/div><\/p><\/div><div class=\"flex_column av_one_third  flex_column_div av-zero-column-padding   avia-builder-el-57  el_after_av_two_third  avia-builder-el-last  \" style='border-radius:0px; '><div  class='avia-image-container  av-styling-    avia-builder-el-58  avia-builder-el-no-sibling  avia-align-center '  itemprop=\"image\" itemscope=\"itemscope\" itemtype=\"https:\/\/schema.org\/ImageObject\"  ><div class='avia-image-container-inner'><div class='avia-image-overlay-wrap'><img decoding=\"async\" class='wp-image-2562 avia-img-lazy-loading-not-2562 avia_image' src=\"https:\/\/iacma.com\/wp-content\/uploads\/2024\/07\/ITA-Appuntamenti-Formaz-Aggiorn-Lugano24-25-728x1030.jpg\" alt='' title='ITA-Appuntamenti Formaz-Aggiorn-Lugano&#039;24-25' height=\"1030\" width=\"728\"  itemprop=\"thumbnailUrl\" srcset=\"https:\/\/iacma.com\/wp-content\/uploads\/2024\/07\/ITA-Appuntamenti-Formaz-Aggiorn-Lugano24-25-728x1030.jpg 728w, https:\/\/iacma.com\/wp-content\/uploads\/2024\/07\/ITA-Appuntamenti-Formaz-Aggiorn-Lugano24-25-212x300.jpg 212w, https:\/\/iacma.com\/wp-content\/uploads\/2024\/07\/ITA-Appuntamenti-Formaz-Aggiorn-Lugano24-25-768x1086.jpg 768w, https:\/\/iacma.com\/wp-content\/uploads\/2024\/07\/ITA-Appuntamenti-Formaz-Aggiorn-Lugano24-25-1086x1536.jpg 1086w, https:\/\/iacma.com\/wp-content\/uploads\/2024\/07\/ITA-Appuntamenti-Formaz-Aggiorn-Lugano24-25-1060x1500.jpg 1060w, https:\/\/iacma.com\/wp-content\/uploads\/2024\/07\/ITA-Appuntamenti-Formaz-Aggiorn-Lugano24-25-498x705.jpg 498w, https:\/\/iacma.com\/wp-content\/uploads\/2024\/07\/ITA-Appuntamenti-Formaz-Aggiorn-Lugano24-25.jpg 1240w\" sizes=\"(max-width: 728px) 100vw, 728px\" \/><\/div><\/div><\/div><\/div><\/div><\/div><\/div><!-- close content main div --><\/div><\/div><div id='av_section_8'  class='avia-section main_color avia-section-default avia-no-border-styling  avia-bg-style-scroll  avia-builder-el-59  el_after_av_section  el_before_av_section   container_wrap fullsize' style='background-color: #ededed;  '  ><div class='container' ><div class='template-page content  av-content-full alpha units'><div class='post-entry post-entry-type-page post-entry-1601'><div class='entry-content-wrapper clearfix'>\n<div  style='padding-bottom:10px; ' class='av-special-heading av-special-heading-h1  blockquote modern-quote modern-centered  avia-builder-el-60  el_before_av_textblock  avia-builder-el-first  '><h1 class='av-special-heading-tag '  itemprop=\"headline\"  >Workshop in presenza 2024<\/h1><div class='special-heading-border'><div class='special-heading-inner-border' ><\/div><\/div><\/div>\n<section class=\"av_textblock_section \"  itemscope=\"itemscope\" itemtype=\"https:\/\/schema.org\/CreativeWork\" ><div class='avia_textblock  '   itemprop=\"text\" ><p style=\"text-align: center;\">Incontri con il M\u00b0 Wang\u00a0 Zhixiang e il M\u00b0 Isidoro Li Pira (Dao Le)<\/p>\n<\/div><\/section>\n<\/p>\n<\/div><\/div><\/div><!-- close content main div --><\/div><\/div><div id='av_section_9'  class='avia-section main_color avia-section-default avia-no-border-styling  avia-bg-style-scroll  avia-builder-el-62  el_after_av_section  el_before_av_section   container_wrap fullsize' style='background-color: #ffffff;  '  ><div class='container' ><div class='template-page content  av-content-full alpha units'><div class='post-entry post-entry-type-page post-entry-1601'><div class='entry-content-wrapper clearfix'>\n<div class=\"flex_column av_two_third  flex_column_div av-zero-column-padding first  avia-builder-el-63  el_before_av_one_third  avia-builder-el-first  \" style='border-radius:0px; '><p><div  style='padding-bottom:10px; color:#75464a;' class='av-special-heading av-special-heading-h3 custom-color-heading   avia-builder-el-64  el_before_av_heading  avia-builder-el-first  '><h3 class='av-special-heading-tag '  itemprop=\"headline\"  >Vuoi conoscere il Neigong Tuina &#8211; 3\u00b0 incontro del 2024<\/h3><div class='special-heading-border'><div class='special-heading-inner-border' style='border-color:#75464a'><\/div><\/div><\/div><br \/>\n<div  style='padding-bottom:10px; color:#75464a;' class='av-special-heading av-special-heading-h5 custom-color-heading   avia-builder-el-65  el_after_av_heading  el_before_av_hr  '><h5 class='av-special-heading-tag '  itemprop=\"headline\"  >Presso Centro IACMA in Via Sonvico 9 a Lugano<br \/>domenica 01 dicembre 2024<br \/>dalle 10:00 alle 13:00 e dalle 14:30 alle 17:00<\/h5><div class='special-heading-border'><div class='special-heading-inner-border' style='border-color:#75464a'><\/div><\/div><\/div><br \/>\n<div  style='height:30px' class='hr hr-invisible   avia-builder-el-66  el_after_av_heading  el_before_av_textblock '><span class='hr-inner ' ><span class='hr-inner-style'><\/span><\/span><\/div><br \/>\n<section class=\"av_textblock_section \"  itemscope=\"itemscope\" itemtype=\"https:\/\/schema.org\/CreativeWork\" ><div class='avia_textblock  '   itemprop=\"text\" ><p>Tecnica, specificit\u00e0, peculiarit\u00e0 qualitative, genere di utilizzo.<\/p>\n<p>Aperto a neofiti ed esperti, con adattamento del programma per livello di esperienza.<\/p>\n<\/div><\/section><br \/>\n<div  style='height:30px' class='hr hr-invisible   avia-builder-el-68  el_after_av_textblock  avia-builder-el-last '><span class='hr-inner ' ><span class='hr-inner-style'><\/span><\/span><\/div><\/p><\/div><div class=\"flex_column av_one_third  flex_column_div av-zero-column-padding   avia-builder-el-69  el_after_av_two_third  avia-builder-el-last  \" style='border-radius:0px; '><div  class='avia-image-container  av-styling-    avia-builder-el-70  avia-builder-el-no-sibling  avia-align-center '  itemprop=\"image\" itemscope=\"itemscope\" itemtype=\"https:\/\/schema.org\/ImageObject\"  ><div class='avia-image-container-inner'><div class='avia-image-overlay-wrap'><img decoding=\"async\" class='wp-image-2695 avia-img-lazy-loading-not-2695 avia_image' src=\"https:\/\/iacma.com\/wp-content\/uploads\/2024\/11\/Vuoi-conoscere-il-Neigong-Tuina-3o-incontro.jpg\" alt='' title='Vuoi conoscere il Neigong Tuina - 3o incontro' height=\"862\" width=\"606\"  itemprop=\"thumbnailUrl\" srcset=\"https:\/\/iacma.com\/wp-content\/uploads\/2024\/11\/Vuoi-conoscere-il-Neigong-Tuina-3o-incontro.jpg 606w, https:\/\/iacma.com\/wp-content\/uploads\/2024\/11\/Vuoi-conoscere-il-Neigong-Tuina-3o-incontro-211x300.jpg 211w, https:\/\/iacma.com\/wp-content\/uploads\/2024\/11\/Vuoi-conoscere-il-Neigong-Tuina-3o-incontro-496x705.jpg 496w\" sizes=\"(max-width: 606px) 100vw, 606px\" \/><\/div><\/div><\/div><\/div><\/div><\/div><\/div><!-- close content main div --><\/div><\/div><div id='av_section_10'  class='avia-section main_color avia-section-default avia-no-border-styling  avia-bg-style-scroll  avia-builder-el-71  el_after_av_section  el_before_av_section   container_wrap fullsize' style='background-color: #ededed;  '  ><div class='container' ><div class='template-page content  av-content-full alpha units'><div class='post-entry post-entry-type-page post-entry-1601'><div class='entry-content-wrapper clearfix'>\n<div class=\"flex_column av_two_third  flex_column_div av-zero-column-padding first  avia-builder-el-72  el_before_av_one_third  avia-builder-el-first  \" style='border-radius:0px; '><p><div  style='padding-bottom:10px; color:#75464a;' class='av-special-heading av-special-heading-h3 custom-color-heading   avia-builder-el-73  el_before_av_heading  avia-builder-el-first  '><h3 class='av-special-heading-tag '  itemprop=\"headline\"  >Secondo stage anno 2024 a Lugano con il M\u00b0 Dott. Wang Zhixing e <span class='special_amp'>&#8220;<\/span>il Taijiquan dell\u2019Acqua<span class='special_amp'>&#8221;<\/span><\/h3><div class='special-heading-border'><div class='special-heading-inner-border' style='border-color:#75464a'><\/div><\/div><\/div><br \/>\n<div  style='padding-bottom:10px; color:#75464a;' class='av-special-heading av-special-heading-h5 custom-color-heading   avia-builder-el-74  el_after_av_heading  el_before_av_hr  '><h5 class='av-special-heading-tag '  itemprop=\"headline\"  >Presso Centro IACMA in Via Sonvico 9 a Lugano<br \/>venerd\u00ec 15 novembre 2024<br \/>sabato 16 novembre 2024<br \/>domenica 17 novembre 2024<\/h5><div class='special-heading-border'><div class='special-heading-inner-border' style='border-color:#75464a'><\/div><\/div><\/div><br \/>\n<div  style='height:30px' class='hr hr-invisible   avia-builder-el-75  el_after_av_heading  el_before_av_textblock '><span class='hr-inner ' ><span class='hr-inner-style'><\/span><\/span><\/div><br \/>\n<section class=\"av_textblock_section \"  itemscope=\"itemscope\" itemtype=\"https:\/\/schema.org\/CreativeWork\" ><div class='avia_textblock  '   itemprop=\"text\" ><p>Il M\u00b0 Wang sar\u00e0 coadiuvato dal M\u00b0 Isidoro Li Pira (responsabile della formazione Internazionale)<\/p>\n<p>Programma dello stage:<\/p>\n<ul>\n<li>Venerd\u00ec 15 novembre: serata dedicata alla meditazione Chan, cultura e pratica; dalle 19:00 alle 21:45<\/li>\n<li>Sabato 16 novembre: Qigong Fondamentale per il\u00a0 lavoro interno Neigong e la forma Quanjia; dalle 09:30 alle 17:00<\/li>\n<li>Domenica 17 novembre: Taijiquan dell\u2019acqua: i concetti alla base del sistema e la pratica a solo sulla forma Quanjia e del lavoro a due Tuishou; dalle 09:30 alle 17:00<\/li>\n<\/ul>\n<\/div><\/section><br \/>\n<div  style='height:30px' class='hr hr-invisible   avia-builder-el-77  el_after_av_textblock  avia-builder-el-last '><span class='hr-inner ' ><span class='hr-inner-style'><\/span><\/span><\/div><\/p><\/div><div class=\"flex_column av_one_third  flex_column_div av-zero-column-padding   avia-builder-el-78  el_after_av_two_third  avia-builder-el-last  \" style='border-radius:0px; '><div  class='avia-image-container  av-styling-    avia-builder-el-79  avia-builder-el-no-sibling  avia-align-center '  itemprop=\"image\" itemscope=\"itemscope\" itemtype=\"https:\/\/schema.org\/ImageObject\"  ><div class='avia-image-container-inner'><div class='avia-image-overlay-wrap'><img decoding=\"async\" class='wp-image-2392 avia-img-lazy-loading-not-2392 avia_image' src=\"https:\/\/iacma.com\/wp-content\/uploads\/2024\/05\/Workshop-Lugano-Novembre-2024-ITA-728x1030.jpg\" alt='' title='Workshop Lugano Novembre 2024-ITA' height=\"1030\" width=\"728\"  itemprop=\"thumbnailUrl\" srcset=\"https:\/\/iacma.com\/wp-content\/uploads\/2024\/05\/Workshop-Lugano-Novembre-2024-ITA-728x1030.jpg 728w, https:\/\/iacma.com\/wp-content\/uploads\/2024\/05\/Workshop-Lugano-Novembre-2024-ITA-212x300.jpg 212w, https:\/\/iacma.com\/wp-content\/uploads\/2024\/05\/Workshop-Lugano-Novembre-2024-ITA-768x1086.jpg 768w, https:\/\/iacma.com\/wp-content\/uploads\/2024\/05\/Workshop-Lugano-Novembre-2024-ITA-1086x1536.jpg 1086w, https:\/\/iacma.com\/wp-content\/uploads\/2024\/05\/Workshop-Lugano-Novembre-2024-ITA-1060x1500.jpg 1060w, https:\/\/iacma.com\/wp-content\/uploads\/2024\/05\/Workshop-Lugano-Novembre-2024-ITA-498x705.jpg 498w, https:\/\/iacma.com\/wp-content\/uploads\/2024\/05\/Workshop-Lugano-Novembre-2024-ITA.jpg 1240w\" sizes=\"(max-width: 728px) 100vw, 728px\" \/><\/div><\/div><\/div><\/div>\n<\/p>\n<\/div><\/div><\/div><!-- close content main div --><\/div><\/div><div id='av_section_11'  class='avia-section main_color avia-section-default avia-no-border-styling  avia-bg-style-scroll  avia-builder-el-80  el_after_av_section  el_before_av_section   container_wrap fullsize' style='background-color: #ffffff;  '  ><div class='container' ><div class='template-page content  av-content-full alpha units'><div class='post-entry post-entry-type-page post-entry-1601'><div class='entry-content-wrapper clearfix'>\n<div class=\"flex_column av_two_third  flex_column_div av-zero-column-padding first  avia-builder-el-81  el_before_av_one_third  avia-builder-el-first  \" style='border-radius:0px; '><p><div  style='padding-bottom:10px; color:#75464a;' class='av-special-heading av-special-heading-h3 custom-color-heading   avia-builder-el-82  el_before_av_heading  avia-builder-el-first  '><h3 class='av-special-heading-tag '  itemprop=\"headline\"  >Stage d\u2019estate Qigong e Taijiquan 2024 &#8211; <span class='special_amp'>&#8220;<\/span>Tra cielo e terra<span class='special_amp'>&#8221;<\/span><\/h3><div class='special-heading-border'><div class='special-heading-inner-border' style='border-color:#75464a'><\/div><\/div><\/div><br \/>\n<div  style='padding-bottom:10px; color:#75464a;' class='av-special-heading av-special-heading-h5 custom-color-heading   avia-builder-el-83  el_after_av_heading  el_before_av_hr  '><h5 class='av-special-heading-tag '  itemprop=\"headline\"  >Presso La Voie du Taiji a B\u00e9ziers in Francia<br \/>da luned\u00ec 19 a venerd\u00ec 23 agosto 2024<\/h5><div class='special-heading-border'><div class='special-heading-inner-border' style='border-color:#75464a'><\/div><\/div><\/div><br \/>\n<div  style='height:30px' class='hr hr-invisible   avia-builder-el-84  el_after_av_heading  el_before_av_textblock '><span class='hr-inner ' ><span class='hr-inner-style'><\/span><\/span><\/div><br \/>\n<section class=\"av_textblock_section \"  itemscope=\"itemscope\" itemtype=\"https:\/\/schema.org\/CreativeWork\" ><div class='avia_textblock  '   itemprop=\"text\" ><p>Tra cielo e terra, a 5 minuti da B\u00e9ziers, si svolge questo stage per scoprire, consolidare o perfezionare le conoscenze acquisite quest&#8217;anno e negli anni passati. Immersione nei principi fondamentali del Qigong e del Taijiquan permette di attivare in modo naturale l&#8217;energia vitale per regolare lo stress, l&#8217;equilibrio fisico ed emotivo, cos\u00ec da preservare salute e benessere.<\/p>\n<p><strong>Programma dello stage &#8211; il mattino:<\/strong><\/p>\n<ul>\n<li><strong>08:00-09:30\u00a0 \u00a0Qigong e Meditazione<\/strong><\/li>\n<li><strong>09:45-12:30\u00a0 \u00a0Taijiquan &#8211; Forma dell&#8217;acqua (fondamenti di base, Neigong, Tuishu, applicazioni marziali)<\/strong><\/li>\n<\/ul>\n<p><em>Per le iscrizioni seguire i punti seguenti:<\/em><\/p>\n<p><em>punto 1. prenotazione a Christine Serre-Giuliani via SMS al n. 0033 6 63 76 48 94;<\/em><\/p>\n<p><em>punto 2. convalida della prenotazione: compila il formulario allegato e riconsegnalo a mano a Charlotte durante le lezioni o inviare al seguente indirizzo: Charlotte Wurms, 3 bis avenue Georges Cl\u00e9menceau, 34490 Th\u00e9zan Les B\u00e9ziers.<\/em><\/p>\n<p><em>Per informazioni:\u00a0 Charlotte n. 0033 6 22 73 66 42\u00a0 \u00a0www.lavoiedutaiji.fr<\/em><\/p>\n<\/div><\/section><br \/>\n<div  style='height:30px' class='hr hr-invisible   avia-builder-el-86  el_after_av_textblock  avia-builder-el-last '><span class='hr-inner ' ><span class='hr-inner-style'><\/span><\/span><\/div><\/p><\/div><div class=\"flex_column av_one_third  flex_column_div av-zero-column-padding   avia-builder-el-87  el_after_av_two_third  avia-builder-el-last  \" style='border-radius:0px; '><div  class='avia-image-container  av-styling-    avia-builder-el-88  avia-builder-el-no-sibling  avia-align-center '  itemprop=\"image\" itemscope=\"itemscope\" itemtype=\"https:\/\/schema.org\/ImageObject\"  ><div class='avia-image-container-inner'><div class='avia-image-overlay-wrap'><img decoding=\"async\" class='wp-image-2533 avia-img-lazy-loading-not-2533 avia_image' src=\"https:\/\/iacma.com\/wp-content\/uploads\/2024\/06\/Flyer-Isidore-aout-2024_page-0001-728x1030.jpg\" alt='' title='Flyer Isidore ao\u00fbt 2024_page-0001' height=\"1030\" width=\"728\"  itemprop=\"thumbnailUrl\" srcset=\"https:\/\/iacma.com\/wp-content\/uploads\/2024\/06\/Flyer-Isidore-aout-2024_page-0001-728x1030.jpg 728w, https:\/\/iacma.com\/wp-content\/uploads\/2024\/06\/Flyer-Isidore-aout-2024_page-0001-212x300.jpg 212w, https:\/\/iacma.com\/wp-content\/uploads\/2024\/06\/Flyer-Isidore-aout-2024_page-0001-768x1086.jpg 768w, https:\/\/iacma.com\/wp-content\/uploads\/2024\/06\/Flyer-Isidore-aout-2024_page-0001-1086x1536.jpg 1086w, https:\/\/iacma.com\/wp-content\/uploads\/2024\/06\/Flyer-Isidore-aout-2024_page-0001-1448x2048.jpg 1448w, https:\/\/iacma.com\/wp-content\/uploads\/2024\/06\/Flyer-Isidore-aout-2024_page-0001-1061x1500.jpg 1061w, https:\/\/iacma.com\/wp-content\/uploads\/2024\/06\/Flyer-Isidore-aout-2024_page-0001-498x705.jpg 498w, https:\/\/iacma.com\/wp-content\/uploads\/2024\/06\/Flyer-Isidore-aout-2024_page-0001-scaled.jpg 1810w\" sizes=\"(max-width: 728px) 100vw, 728px\" \/><\/div><\/div><\/div><\/div>\n\n<\/div><\/div><\/div><!-- close content main div --><\/div><\/div><div id='av_section_12'  class='avia-section main_color avia-section-default avia-no-border-styling  avia-bg-style-scroll  avia-builder-el-89  el_after_av_section  el_before_av_section   container_wrap fullsize' style='background-color: #ededed;  '  ><div class='container' ><div class='template-page content  av-content-full alpha units'><div class='post-entry post-entry-type-page post-entry-1601'><div class='entry-content-wrapper clearfix'>\n<div class=\"flex_column av_two_third  flex_column_div av-zero-column-padding first  avia-builder-el-90  el_before_av_one_third  avia-builder-el-first  \" style='border-radius:0px; '><p><div  style='padding-bottom:10px; color:#75464a;' class='av-special-heading av-special-heading-h3 custom-color-heading   avia-builder-el-91  el_before_av_heading  avia-builder-el-first  '><h3 class='av-special-heading-tag '  itemprop=\"headline\"  >Stage estivo 2024<\/h3><div class='special-heading-border'><div class='special-heading-inner-border' style='border-color:#75464a'><\/div><\/div><\/div><br \/>\n<div  style='padding-bottom:10px; color:#75464a;' class='av-special-heading av-special-heading-h5 custom-color-heading   avia-builder-el-92  el_after_av_heading  el_before_av_hr  '><h5 class='av-special-heading-tag '  itemprop=\"headline\"  >Presso Centro IACMA in Via Sonvico 9 a Lugano<br \/>gioved\u00ec 25 luglio 2024<br \/>venerd\u00ec 26 luglio 2024<br \/>dalle 09:30 alle 15:00<\/h5><div class='special-heading-border'><div class='special-heading-inner-border' style='border-color:#75464a'><\/div><\/div><\/div><br \/>\n<div  style='height:30px' class='hr hr-invisible   avia-builder-el-93  el_after_av_heading  el_before_av_textblock '><span class='hr-inner ' ><span class='hr-inner-style'><\/span><\/span><\/div><br \/>\n<section class=\"av_textblock_section \"  itemscope=\"itemscope\" itemtype=\"https:\/\/schema.org\/CreativeWork\" ><div class='avia_textblock  '   itemprop=\"text\" ><p>Esperienza approfondita con le arti marziali, nella quale abbiamo previsto una piccola introduzione alla lingua e all&#8217;arte calligrafica cinese, alla pratica dinamica e applicativa del Gongfu Wushu a mani nude e con le armi base. Storie e mitologie, accompagnati da video sulla cultura delle arti marziali.<\/p>\n<p>Allo stage potranno partecipare studenti interni e principianti esterni.<\/p>\n<\/div><\/section><br \/>\n<div  style='height:30px' class='hr hr-invisible   avia-builder-el-95  el_after_av_textblock  avia-builder-el-last '><span class='hr-inner ' ><span class='hr-inner-style'><\/span><\/span><\/div><\/p><\/div><div class=\"flex_column av_one_third  flex_column_div av-zero-column-padding   avia-builder-el-96  el_after_av_two_third  el_before_av_hr  \" style='border-radius:0px; '><div  class='avia-image-container  av-styling-    avia-builder-el-97  avia-builder-el-no-sibling  avia-align-center '  itemprop=\"image\" itemscope=\"itemscope\" itemtype=\"https:\/\/schema.org\/ImageObject\"  ><div class='avia-image-container-inner'><div class='avia-image-overlay-wrap'><img decoding=\"async\" class='wp-image-2515 avia-img-lazy-loading-not-2515 avia_image' src=\"https:\/\/iacma.com\/wp-content\/uploads\/2024\/06\/Stage-estivo-2024-728x1030.jpg\" alt='' title='Stage-estivo-2024' height=\"1030\" width=\"728\"  itemprop=\"thumbnailUrl\" srcset=\"https:\/\/iacma.com\/wp-content\/uploads\/2024\/06\/Stage-estivo-2024-728x1030.jpg 728w, https:\/\/iacma.com\/wp-content\/uploads\/2024\/06\/Stage-estivo-2024-212x300.jpg 212w, https:\/\/iacma.com\/wp-content\/uploads\/2024\/06\/Stage-estivo-2024-768x1086.jpg 768w, https:\/\/iacma.com\/wp-content\/uploads\/2024\/06\/Stage-estivo-2024-1086x1536.jpg 1086w, https:\/\/iacma.com\/wp-content\/uploads\/2024\/06\/Stage-estivo-2024-1448x2048.jpg 1448w, https:\/\/iacma.com\/wp-content\/uploads\/2024\/06\/Stage-estivo-2024-1061x1500.jpg 1061w, https:\/\/iacma.com\/wp-content\/uploads\/2024\/06\/Stage-estivo-2024-499x705.jpg 499w, https:\/\/iacma.com\/wp-content\/uploads\/2024\/06\/Stage-estivo-2024.jpg 1654w\" sizes=\"(max-width: 728px) 100vw, 728px\" \/><\/div><\/div><\/div><\/div><div  style='height:30px' class='hr hr-invisible   avia-builder-el-98  el_after_av_one_third  avia-builder-el-last '><span class='hr-inner ' ><span class='hr-inner-style'><\/span><\/span><\/div>\n\n<\/div><\/div><\/div><!-- close content main div --><\/div><\/div><div id='av_section_13'  class='avia-section main_color avia-section-default avia-no-border-styling  avia-bg-style-scroll  avia-builder-el-99  el_after_av_section  el_before_av_section   container_wrap fullsize' style='background-color: #ffffff;  '  ><div class='container' ><div class='template-page content  av-content-full alpha units'><div class='post-entry post-entry-type-page post-entry-1601'><div class='entry-content-wrapper clearfix'>\n<div class=\"flex_column av_two_third  flex_column_div av-zero-column-padding first  avia-builder-el-100  el_before_av_one_third  avia-builder-el-first  \" style='border-radius:0px; '><p><div  style='padding-bottom:10px; color:#75464a;' class='av-special-heading av-special-heading-h3 custom-color-heading   avia-builder-el-101  el_before_av_heading  avia-builder-el-first  '><h3 class='av-special-heading-tag '  itemprop=\"headline\"  >Vuoi conoscere il Neigong Tuina &#8211; 2\u00b0 incontro del 2024<\/h3><div class='special-heading-border'><div class='special-heading-inner-border' style='border-color:#75464a'><\/div><\/div><\/div><br \/>\n<div  style='padding-bottom:10px; color:#75464a;' class='av-special-heading av-special-heading-h5 custom-color-heading   avia-builder-el-102  el_after_av_heading  el_before_av_hr  '><h5 class='av-special-heading-tag '  itemprop=\"headline\"  >Presso Centro IACMA in Via Sonvico 9 a Lugano<br \/>sabato 08 giugno 2024<br \/>dalle 10:00 alle 13:00 e dalle 14:00 alle 16:00<br \/>domenica 09 giugno 2024<br \/>dalle 09:30 alle 13:00<\/h5><div class='special-heading-border'><div class='special-heading-inner-border' style='border-color:#75464a'><\/div><\/div><\/div><br \/>\n<div  style='height:30px' class='hr hr-invisible   avia-builder-el-103  el_after_av_heading  el_before_av_textblock '><span class='hr-inner ' ><span class='hr-inner-style'><\/span><\/span><\/div><br \/>\n<section class=\"av_textblock_section \"  itemscope=\"itemscope\" itemtype=\"https:\/\/schema.org\/CreativeWork\" ><div class='avia_textblock  '   itemprop=\"text\" ><p>Tecnica, specificit\u00e0, peculiarit\u00e0 qualitative, genere di utilizzo.<\/p>\n<p>Aperto a neofiti ed esperti, con adattamento del programma per livello di esperienza.<\/p>\n<\/div><\/section><\/p><\/div><div class=\"flex_column av_one_third  flex_column_div av-zero-column-padding   avia-builder-el-105  el_after_av_two_third  avia-builder-el-last  \" style='border-radius:0px; '><div  class='avia-image-container  av-styling-    avia-builder-el-106  avia-builder-el-no-sibling  avia-align-center '  itemprop=\"image\" itemscope=\"itemscope\" itemtype=\"https:\/\/schema.org\/ImageObject\"  ><div class='avia-image-container-inner'><div class='avia-image-overlay-wrap'><img decoding=\"async\" class='wp-image-2314 avia-img-lazy-loading-not-2314 avia_image' src=\"https:\/\/iacma.com\/wp-content\/uploads\/2024\/05\/Vuoi-conoscere-il-Neigong-Tuina-2\u00b0-728x1030.jpg\" alt='' title='Vuoi conoscere il Neigong Tuina 2\u00b0' height=\"1030\" width=\"728\"  itemprop=\"thumbnailUrl\" srcset=\"https:\/\/iacma.com\/wp-content\/uploads\/2024\/05\/Vuoi-conoscere-il-Neigong-Tuina-2\u00b0-728x1030.jpg 728w, https:\/\/iacma.com\/wp-content\/uploads\/2024\/05\/Vuoi-conoscere-il-Neigong-Tuina-2\u00b0-212x300.jpg 212w, https:\/\/iacma.com\/wp-content\/uploads\/2024\/05\/Vuoi-conoscere-il-Neigong-Tuina-2\u00b0-768x1086.jpg 768w, https:\/\/iacma.com\/wp-content\/uploads\/2024\/05\/Vuoi-conoscere-il-Neigong-Tuina-2\u00b0-1086x1536.jpg 1086w, https:\/\/iacma.com\/wp-content\/uploads\/2024\/05\/Vuoi-conoscere-il-Neigong-Tuina-2\u00b0-1448x2048.jpg 1448w, https:\/\/iacma.com\/wp-content\/uploads\/2024\/05\/Vuoi-conoscere-il-Neigong-Tuina-2\u00b0-1061x1500.jpg 1061w, https:\/\/iacma.com\/wp-content\/uploads\/2024\/05\/Vuoi-conoscere-il-Neigong-Tuina-2\u00b0-499x705.jpg 499w, https:\/\/iacma.com\/wp-content\/uploads\/2024\/05\/Vuoi-conoscere-il-Neigong-Tuina-2\u00b0.jpg 1654w\" sizes=\"(max-width: 728px) 100vw, 728px\" \/><\/div><\/div><\/div><\/div>\n\n<\/div><\/div><\/div><!-- close content main div --><\/div><\/div><div id='av_section_14'  class='avia-section main_color avia-section-default avia-no-border-styling  avia-bg-style-scroll  avia-builder-el-107  el_after_av_section  el_before_av_section   container_wrap fullsize' style='background-color: #ededed;  '  ><div class='container' ><div class='template-page content  av-content-full alpha units'><div class='post-entry post-entry-type-page post-entry-1601'><div class='entry-content-wrapper clearfix'>\n<div class=\"flex_column av_two_third  flex_column_div av-zero-column-padding first  avia-builder-el-108  el_before_av_one_third  avia-builder-el-first  \" style='border-radius:0px; '><p><div  style='padding-bottom:10px; color:#75464a;' class='av-special-heading av-special-heading-h3 custom-color-heading   avia-builder-el-109  el_before_av_heading  avia-builder-el-first  '><h3 class='av-special-heading-tag '  itemprop=\"headline\"  >Percorso di esperienza Olistica attraverso le discipline del Taijiquan e del Qigong<\/h3><div class='special-heading-border'><div class='special-heading-inner-border' style='border-color:#75464a'><\/div><\/div><\/div><br \/>\n<div  style='padding-bottom:10px; color:#75464a;' class='av-special-heading av-special-heading-h5 custom-color-heading   avia-builder-el-110  el_after_av_heading  el_before_av_hr  '><h5 class='av-special-heading-tag '  itemprop=\"headline\"  >Presso Studio Portale in Via Prof. Maraini 1A a Muralto<br \/>gioved\u00ec 06 giugno 2024<br \/>dalle 10:30 alle 11:30<\/h5><div class='special-heading-border'><div class='special-heading-inner-border' style='border-color:#75464a'><\/div><\/div><\/div><br \/>\n<div  style='height:30px' class='hr hr-invisible   avia-builder-el-111  el_after_av_heading  el_before_av_textblock '><span class='hr-inner ' ><span class='hr-inner-style'><\/span><\/span><\/div><br \/>\n<section class=\"av_textblock_section \"  itemscope=\"itemscope\" itemtype=\"https:\/\/schema.org\/CreativeWork\" ><div class='avia_textblock  '   itemprop=\"text\" ><p><strong>Programmi previsti dal percorso<\/strong><\/p>\n<p>Meditazione buddista \u201cChan\u201d: <i>pratica e concetti filosofici<\/i><\/p>\n<p>Doyin &#8211; la ginnastica alchemica: <i>il corpo del benessere<\/i><\/p>\n<p>Neigong (Qigong): <i>pratica e principi fondamentali<\/i><\/p>\n<p>Taijiquan &#8211; disciplina di lunga vita: <i>il sistema della forma dell\u2019acqua<\/i><\/p>\n<p><em>Per le iscrizioni trovate allegato il formulario.<\/em><\/p>\n<p><em>Informazioni e iscrizioni:\u00a0 \u00a0giuseppe_asaro@yahoo.it\u00a0 \u00a0+41 77 442 36 72<\/em><\/p>\n<\/div><\/section><br \/>\n<div  style='height:30px' class='hr hr-invisible   avia-builder-el-113  el_after_av_textblock  el_before_av_button '><span class='hr-inner ' ><span class='hr-inner-style'><\/span><\/span><\/div><br \/>\n<div  class='avia-button-wrap avia-button-left  avia-builder-el-114  el_after_av_hr  avia-builder-el-last ' ><a href='https:\/\/iacma.com\/wp-content\/uploads\/2024\/05\/Corso-Esp-Ol-Locarno.pdf'  class='avia-button  avia-color-theme-color   avia-icon_select-no avia-size-small avia-position-left '   ><span class='avia_iconbox_title' >Scarica il form di iscrizione<\/span><\/a><\/div><\/p><\/div><div class=\"flex_column av_one_third  flex_column_div av-zero-column-padding   avia-builder-el-115  el_after_av_two_third  avia-builder-el-last  \" style='border-radius:0px; '><div  class='avia-image-container  av-styling-    avia-builder-el-116  avia-builder-el-no-sibling  avia-align-center '  itemprop=\"image\" itemscope=\"itemscope\" itemtype=\"https:\/\/schema.org\/ImageObject\"  ><div class='avia-image-container-inner'><div class='avia-image-overlay-wrap'><img decoding=\"async\" class='wp-image-2493 avia-img-lazy-loading-not-2493 avia_image' src=\"https:\/\/iacma.com\/wp-content\/uploads\/2024\/05\/Corso-Esp-Ol-Locarno-2-728x1030.jpg\" alt='' title='Corso Esp-Ol-Locarno' height=\"1030\" width=\"728\"  itemprop=\"thumbnailUrl\" srcset=\"https:\/\/iacma.com\/wp-content\/uploads\/2024\/05\/Corso-Esp-Ol-Locarno-2-728x1030.jpg 728w, https:\/\/iacma.com\/wp-content\/uploads\/2024\/05\/Corso-Esp-Ol-Locarno-2-212x300.jpg 212w, https:\/\/iacma.com\/wp-content\/uploads\/2024\/05\/Corso-Esp-Ol-Locarno-2-768x1086.jpg 768w, https:\/\/iacma.com\/wp-content\/uploads\/2024\/05\/Corso-Esp-Ol-Locarno-2-1086x1536.jpg 1086w, https:\/\/iacma.com\/wp-content\/uploads\/2024\/05\/Corso-Esp-Ol-Locarno-2-1060x1500.jpg 1060w, https:\/\/iacma.com\/wp-content\/uploads\/2024\/05\/Corso-Esp-Ol-Locarno-2-498x705.jpg 498w, https:\/\/iacma.com\/wp-content\/uploads\/2024\/05\/Corso-Esp-Ol-Locarno-2.jpg 1240w\" sizes=\"(max-width: 728px) 100vw, 728px\" \/><\/div><\/div><\/div><\/div>\n\n<\/div><\/div><\/div><!-- close content main div --><\/div><\/div><div id='av_section_15'  class='avia-section main_color avia-section-default avia-no-border-styling  avia-bg-style-scroll  avia-builder-el-117  el_after_av_section  el_before_av_section   container_wrap fullsize' style='background-color: #ffffff;  '  ><div class='container' ><div class='template-page content  av-content-full alpha units'><div class='post-entry post-entry-type-page post-entry-1601'><div class='entry-content-wrapper clearfix'>\n<div class=\"flex_column av_two_third  flex_column_div av-zero-column-padding first  avia-builder-el-118  el_before_av_one_third  avia-builder-el-first  \" style='border-radius:0px; '><p><div  style='padding-bottom:10px; color:#75464a;' class='av-special-heading av-special-heading-h3 custom-color-heading   avia-builder-el-119  el_before_av_heading  avia-builder-el-first  '><h3 class='av-special-heading-tag '  itemprop=\"headline\"  >Stage di Spada stile Yang dell\u2019acqua<\/h3><div class='special-heading-border'><div class='special-heading-inner-border' style='border-color:#75464a'><\/div><\/div><\/div><br \/>\n<div  style='padding-bottom:10px; color:#75464a;' class='av-special-heading av-special-heading-h5 custom-color-heading   avia-builder-el-120  el_after_av_heading  el_before_av_hr  '><h5 class='av-special-heading-tag '  itemprop=\"headline\"  >Presso Parco giochi a Origlio<br \/>sabato 18 maggio 2024<br \/>dalle 09:30 alle 12:00 e dalle 13:30 alle 16:30<\/h5><div class='special-heading-border'><div class='special-heading-inner-border' style='border-color:#75464a'><\/div><\/div><\/div><br \/>\n<div  style='height:30px' class='hr hr-invisible   avia-builder-el-121  el_after_av_heading  el_before_av_textblock '><span class='hr-inner ' ><span class='hr-inner-style'><\/span><\/span><\/div><br \/>\n<section class=\"av_textblock_section \"  itemscope=\"itemscope\" itemtype=\"https:\/\/schema.org\/CreativeWork\" ><div class='avia_textblock  '   itemprop=\"text\" ><p>Dal programma ufficiale della scuola dell&#8217;acqua, il M\u00b0 Isidoro Li Pira promuove una giornata intensiva dedicata alla spada classica di Taijiquan.<\/p>\n<p><strong>Programma dello stage<br \/>\n<\/strong>Jibengong &#8211; i 12 fondamentali didattici<br \/>\nJian Jia &#8211; la sequenza di forma 54 sequenze<br \/>\nTuijian &#8211; esercizi di danza a due con la spada<br \/>\nDuilien &#8211; applicazioni di spada Taiji\u00a0Programma dello stage<\/p>\n<\/div><\/section><br \/>\n<div  style='height:30px' class='hr hr-invisible   avia-builder-el-123  el_after_av_textblock  avia-builder-el-last '><span class='hr-inner ' ><span class='hr-inner-style'><\/span><\/span><\/div><\/p><\/div><div class=\"flex_column av_one_third  flex_column_div av-zero-column-padding   avia-builder-el-124  el_after_av_two_third  avia-builder-el-last  \" style='border-radius:0px; '><div  class='avia-image-container  av-styling-    avia-builder-el-125  avia-builder-el-no-sibling  avia-align-center '  itemprop=\"image\" itemscope=\"itemscope\" itemtype=\"https:\/\/schema.org\/ImageObject\"  ><div class='avia-image-container-inner'><div class='avia-image-overlay-wrap'><img decoding=\"async\" class='wp-image-2246 avia-img-lazy-loading-not-2246 avia_image' src=\"https:\/\/iacma.com\/wp-content\/uploads\/2024\/04\/Stage-di-Spada-Taijiquan-Mag-2024-728x1030.jpg\" alt='' title='Stage di Spada Taijiquan Mag-2024' height=\"1030\" width=\"728\"  itemprop=\"thumbnailUrl\" srcset=\"https:\/\/iacma.com\/wp-content\/uploads\/2024\/04\/Stage-di-Spada-Taijiquan-Mag-2024-728x1030.jpg 728w, https:\/\/iacma.com\/wp-content\/uploads\/2024\/04\/Stage-di-Spada-Taijiquan-Mag-2024-212x300.jpg 212w, https:\/\/iacma.com\/wp-content\/uploads\/2024\/04\/Stage-di-Spada-Taijiquan-Mag-2024-768x1086.jpg 768w, https:\/\/iacma.com\/wp-content\/uploads\/2024\/04\/Stage-di-Spada-Taijiquan-Mag-2024-1086x1536.jpg 1086w, https:\/\/iacma.com\/wp-content\/uploads\/2024\/04\/Stage-di-Spada-Taijiquan-Mag-2024-1060x1500.jpg 1060w, https:\/\/iacma.com\/wp-content\/uploads\/2024\/04\/Stage-di-Spada-Taijiquan-Mag-2024-498x705.jpg 498w, https:\/\/iacma.com\/wp-content\/uploads\/2024\/04\/Stage-di-Spada-Taijiquan-Mag-2024.jpg 1240w\" sizes=\"(max-width: 728px) 100vw, 728px\" \/><\/div><\/div><\/div><\/div>\n\n<\/div><\/div><\/div><!-- close content main div --><\/div><\/div><div id='av_section_16'  class='avia-section main_color avia-section-default avia-no-border-styling  avia-bg-style-scroll  avia-builder-el-126  el_after_av_section  el_before_av_section   container_wrap fullsize' style='background-color: #ededed;  '  ><div class='container' ><div class='template-page content  av-content-full alpha units'><div class='post-entry post-entry-type-page post-entry-1601'><div class='entry-content-wrapper clearfix'>\n<div class=\"flex_column av_two_third  flex_column_div av-zero-column-padding first  avia-builder-el-127  el_before_av_one_third  avia-builder-el-first  \" style='border-radius:0px; '><p><div  style='padding-bottom:10px; color:#75464a;' class='av-special-heading av-special-heading-h3 custom-color-heading   avia-builder-el-128  el_before_av_heading  avia-builder-el-first  '><h3 class='av-special-heading-tag '  itemprop=\"headline\"  >Primo stage anno 2024 a Lugano con il M\u00b0 Dott. Wang Zhixing e <span class='special_amp'>&#8220;<\/span>il Taijiquan dell\u2019Acqua<span class='special_amp'>&#8221;<\/span><\/h3><div class='special-heading-border'><div class='special-heading-inner-border' style='border-color:#75464a'><\/div><\/div><\/div><br \/>\n<div  style='padding-bottom:10px; color:#75464a;' class='av-special-heading av-special-heading-h5 custom-color-heading   avia-builder-el-129  el_after_av_heading  el_before_av_hr  '><h5 class='av-special-heading-tag '  itemprop=\"headline\"  >Presso Centro IACMA in Via Sonvico 9 a Lugano<br \/>venerd\u00ec 19 aprile 2024<br \/>sabato 20 aprile 2024<br \/>domenica 21 aprile 2024<\/h5><div class='special-heading-border'><div class='special-heading-inner-border' style='border-color:#75464a'><\/div><\/div><\/div><br \/>\n<div  style='height:30px' class='hr hr-invisible   avia-builder-el-130  el_after_av_heading  el_before_av_textblock '><span class='hr-inner ' ><span class='hr-inner-style'><\/span><\/span><\/div><br \/>\n<section class=\"av_textblock_section \"  itemscope=\"itemscope\" itemtype=\"https:\/\/schema.org\/CreativeWork\" ><div class='avia_textblock  '   itemprop=\"text\" ><p>Il M\u00b0 Wang sar\u00e0 coadiuvato dal M\u00b0 Isidoro Li Pira (responsabile della formazione Internazionale)<\/p>\n<p>Programma dello stage:<\/p>\n<ul>\n<li>Venerd\u00ec 19 aprile: serata dedicata alla meditazione Chan, cultura e pratica; dalle 19:00 alle 21:45<\/li>\n<li>Sabato 20 aprile: Qigong Fondamentale per il\u00a0 lavoro interno Neigong e la forma Quanjia; dalle 09:30 alle 17:00<\/li>\n<li>Domenica 21 aprile: Taijiquan dell\u2019acqua: i concetti alla base del sistema e la pratica a solo sulla forma Quanjia e del lavoro a due Tuishou; dalle 09:30 alle 17:00<\/li>\n<\/ul>\n<\/div><\/section><br \/>\n<div  style='height:30px' class='hr hr-invisible   avia-builder-el-132  el_after_av_textblock  avia-builder-el-last '><span class='hr-inner ' ><span class='hr-inner-style'><\/span><\/span><\/div><\/p><\/div><div class=\"flex_column av_one_third  flex_column_div av-zero-column-padding   avia-builder-el-133  el_after_av_two_third  avia-builder-el-last  \" style='border-radius:0px; '><div  class='avia-image-container  av-styling-    avia-builder-el-134  avia-builder-el-no-sibling  avia-align-center '  itemprop=\"image\" itemscope=\"itemscope\" itemtype=\"https:\/\/schema.org\/ImageObject\"  ><div class='avia-image-container-inner'><div class='avia-image-overlay-wrap'><img decoding=\"async\" class='wp-image-2019 avia-img-lazy-loading-not-2019 avia_image' src=\"https:\/\/iacma.com\/wp-content\/uploads\/2024\/01\/Workshop-Lugano-Aprile-2024-ITA-1-728x1030.jpg\" alt='' title='Workshop Lugano Aprile 2024-ITA' height=\"1030\" width=\"728\"  itemprop=\"thumbnailUrl\" srcset=\"https:\/\/iacma.com\/wp-content\/uploads\/2024\/01\/Workshop-Lugano-Aprile-2024-ITA-1-728x1030.jpg 728w, https:\/\/iacma.com\/wp-content\/uploads\/2024\/01\/Workshop-Lugano-Aprile-2024-ITA-1-212x300.jpg 212w, https:\/\/iacma.com\/wp-content\/uploads\/2024\/01\/Workshop-Lugano-Aprile-2024-ITA-1-768x1086.jpg 768w, https:\/\/iacma.com\/wp-content\/uploads\/2024\/01\/Workshop-Lugano-Aprile-2024-ITA-1-1086x1536.jpg 1086w, https:\/\/iacma.com\/wp-content\/uploads\/2024\/01\/Workshop-Lugano-Aprile-2024-ITA-1-1060x1500.jpg 1060w, https:\/\/iacma.com\/wp-content\/uploads\/2024\/01\/Workshop-Lugano-Aprile-2024-ITA-1-498x705.jpg 498w, https:\/\/iacma.com\/wp-content\/uploads\/2024\/01\/Workshop-Lugano-Aprile-2024-ITA-1.jpg 1240w\" sizes=\"(max-width: 728px) 100vw, 728px\" \/><\/div><\/div><\/div><\/div>\n\n<\/div><\/div><\/div><!-- close content main div --><\/div><\/div><div id='av_section_17'  class='avia-section main_color avia-section-default avia-no-border-styling  avia-bg-style-scroll  avia-builder-el-135  el_after_av_section  el_before_av_section   container_wrap fullsize' style='background-color: #ffffff;  '  ><div class='container' ><div class='template-page content  av-content-full alpha units'><div class='post-entry post-entry-type-page post-entry-1601'><div class='entry-content-wrapper clearfix'>\n<div class=\"flex_column av_two_third  flex_column_div av-zero-column-padding first  avia-builder-el-136  el_before_av_one_third  avia-builder-el-first  \" style='border-radius:0px; '><p><div  style='padding-bottom:10px; color:#75464a;' class='av-special-heading av-special-heading-h3 custom-color-heading   avia-builder-el-137  el_before_av_heading  avia-builder-el-first  '><h3 class='av-special-heading-tag '  itemprop=\"headline\"  >Vuoi conoscere il Neigong Tuina &#8211; 1\u00b0 incontro del 2024<\/h3><div class='special-heading-border'><div class='special-heading-inner-border' style='border-color:#75464a'><\/div><\/div><\/div><br \/>\n<div  style='padding-bottom:10px; color:#75464a;' class='av-special-heading av-special-heading-h5 custom-color-heading   avia-builder-el-138  el_after_av_heading  el_before_av_hr  '><h5 class='av-special-heading-tag '  itemprop=\"headline\"  >Presso Centro IACMA in Via Sonvico 9 a Lugano<br \/>domenica 14 aprile 2024<br \/>dalle 10:00 alle 13:00 e dalle 14:00 alle 16:30<\/h5><div class='special-heading-border'><div class='special-heading-inner-border' style='border-color:#75464a'><\/div><\/div><\/div><br \/>\n<div  style='height:30px' class='hr hr-invisible   avia-builder-el-139  el_after_av_heading  el_before_av_textblock '><span class='hr-inner ' ><span class='hr-inner-style'><\/span><\/span><\/div><br \/>\n<section class=\"av_textblock_section \"  itemscope=\"itemscope\" itemtype=\"https:\/\/schema.org\/CreativeWork\" ><div class='avia_textblock  '   itemprop=\"text\" ><p>Tecnica, specificit\u00e0, peculiarit\u00e0 qualitative, genere di utilizzo.<\/p>\n<p>Aperto a neofiti ed esperti, con adattamento del programma per livello di esperienza.<\/p>\n<\/div><\/section><br \/>\n<div  style='height:30px' class='hr hr-invisible   avia-builder-el-141  el_after_av_textblock  avia-builder-el-last '><span class='hr-inner ' ><span class='hr-inner-style'><\/span><\/span><\/div><\/p><\/div><div class=\"flex_column av_one_third  flex_column_div av-zero-column-padding   avia-builder-el-142  el_after_av_two_third  avia-builder-el-last  \" style='border-radius:0px; '><div  class='avia-image-container  av-styling-    avia-builder-el-143  avia-builder-el-no-sibling  avia-align-center '  itemprop=\"image\" itemscope=\"itemscope\" itemtype=\"https:\/\/schema.org\/ImageObject\"  ><div class='avia-image-container-inner'><div class='avia-image-overlay-wrap'><img decoding=\"async\" class='wp-image-2313 avia-img-lazy-loading-not-2313 avia_image' src=\"https:\/\/iacma.com\/wp-content\/uploads\/2024\/05\/Vuoi-conoscere-il-Neigong-Tuina-1\u00b0-728x1030.jpg\" alt='' title='Vuoi conoscere il Neigong Tuina 1\u00b0' height=\"1030\" width=\"728\"  itemprop=\"thumbnailUrl\" srcset=\"https:\/\/iacma.com\/wp-content\/uploads\/2024\/05\/Vuoi-conoscere-il-Neigong-Tuina-1\u00b0-728x1030.jpg 728w, https:\/\/iacma.com\/wp-content\/uploads\/2024\/05\/Vuoi-conoscere-il-Neigong-Tuina-1\u00b0-212x300.jpg 212w, https:\/\/iacma.com\/wp-content\/uploads\/2024\/05\/Vuoi-conoscere-il-Neigong-Tuina-1\u00b0-768x1086.jpg 768w, https:\/\/iacma.com\/wp-content\/uploads\/2024\/05\/Vuoi-conoscere-il-Neigong-Tuina-1\u00b0-1086x1536.jpg 1086w, https:\/\/iacma.com\/wp-content\/uploads\/2024\/05\/Vuoi-conoscere-il-Neigong-Tuina-1\u00b0-1448x2048.jpg 1448w, https:\/\/iacma.com\/wp-content\/uploads\/2024\/05\/Vuoi-conoscere-il-Neigong-Tuina-1\u00b0-1061x1500.jpg 1061w, https:\/\/iacma.com\/wp-content\/uploads\/2024\/05\/Vuoi-conoscere-il-Neigong-Tuina-1\u00b0-499x705.jpg 499w, https:\/\/iacma.com\/wp-content\/uploads\/2024\/05\/Vuoi-conoscere-il-Neigong-Tuina-1\u00b0.jpg 1654w\" sizes=\"(max-width: 728px) 100vw, 728px\" \/><\/div><\/div><\/div><\/div>\n\n<\/div><\/div><\/div><!-- close content main div --><\/div><\/div><div id='av_section_18'  class='avia-section main_color avia-section-default avia-no-border-styling  avia-bg-style-scroll  avia-builder-el-144  el_after_av_section  el_before_av_section   container_wrap fullsize' style='background-color: #ededed;  '  ><div class='container' ><div class='template-page content  av-content-full alpha units'><div class='post-entry post-entry-type-page post-entry-1601'><div class='entry-content-wrapper clearfix'>\n<div class=\"flex_column av_two_third  flex_column_div av-zero-column-padding first  avia-builder-el-145  el_before_av_one_third  avia-builder-el-first  \" style='border-radius:0px; '><p><div  style='padding-bottom:10px; color:#75464a;' class='av-special-heading av-special-heading-h3 custom-color-heading   avia-builder-el-146  el_before_av_heading  avia-builder-el-first  '><h3 class='av-special-heading-tag '  itemprop=\"headline\"  ><span class='special_amp'>\u201c<\/span>il Taijiquan dell\u2019acqua<span class='special_amp'>\u201d<\/span> &#8211; Anno 2023\/2024<\/h3><div class='special-heading-border'><div class='special-heading-inner-border' style='border-color:#75464a'><\/div><\/div><\/div><br \/>\n<div  style='padding-bottom:10px; color:#75464a;' class='av-special-heading av-special-heading-h5 custom-color-heading   avia-builder-el-147  el_after_av_heading  el_before_av_textblock  '><h5 class='av-special-heading-tag '  itemprop=\"headline\"  >Presso Centro IACMA in Via Sonvico 9 a Lugano<br \/>13\/14 gen &#8211; 3\/4 feb &#8211; 2\/3 mar &#8211; 6\/7 apr &#8211; 4\/5 mag &#8211; 1\/2 giu &#8211; 7\/8 set &#8211; 5\/6 ott &#8211; 9\/10 nov &#8211; 7\/8 dic 2024<\/h5><div class='special-heading-border'><div class='special-heading-inner-border' style='border-color:#75464a'><\/div><\/div><\/div><br \/>\n<section class=\"av_textblock_section \"  itemscope=\"itemscope\" itemtype=\"https:\/\/schema.org\/CreativeWork\" ><div class='avia_textblock  '   itemprop=\"text\" ><p>Incontri di formazione e aggiornamento aperti a tutti gli studenti di tutti i livelli ed insegnanti di 1\u00b0 e 2\u00b0 livello.<\/p>\n<p><strong>Temi degli incontri<\/strong><br \/>\nNeigong fondamenti e cultura pratica: Zhang zhuang e Doyin Qigong<br \/>\nTuishou sviluppo della sensorialit\u00e0 e didattica sulle 20 forze;<br \/>\nChuan Jia sviluppo dell&#8217;esperienza attraverso la forma<br \/>\n(lo scorrere fluido della 1\u00b0 forma, l&#8217;onda oscillatoria della 2\u00b0 forma)<\/p>\n<\/div><\/section><\/p><\/div><div class=\"flex_column av_one_third  flex_column_div av-zero-column-padding   avia-builder-el-149  el_after_av_two_third  avia-builder-el-last  \" style='border-radius:0px; '><div  class='avia-image-container  av-styling-    avia-builder-el-150  avia-builder-el-no-sibling  avia-align-center '  itemprop=\"image\" itemscope=\"itemscope\" itemtype=\"https:\/\/schema.org\/ImageObject\"  ><div class='avia-image-container-inner'><div class='avia-image-overlay-wrap'><img decoding=\"async\" class='wp-image-2228 avia-img-lazy-loading-not-2228 avia_image' src=\"https:\/\/iacma.com\/wp-content\/uploads\/2024\/04\/ITA-stage-formativi-Lugano-2024-728x1030.jpg\" alt='' title='ITA-stage formativi Lugano 2024' height=\"1030\" width=\"728\"  itemprop=\"thumbnailUrl\" srcset=\"https:\/\/iacma.com\/wp-content\/uploads\/2024\/04\/ITA-stage-formativi-Lugano-2024-728x1030.jpg 728w, https:\/\/iacma.com\/wp-content\/uploads\/2024\/04\/ITA-stage-formativi-Lugano-2024-212x300.jpg 212w, https:\/\/iacma.com\/wp-content\/uploads\/2024\/04\/ITA-stage-formativi-Lugano-2024-768x1086.jpg 768w, https:\/\/iacma.com\/wp-content\/uploads\/2024\/04\/ITA-stage-formativi-Lugano-2024-1086x1536.jpg 1086w, https:\/\/iacma.com\/wp-content\/uploads\/2024\/04\/ITA-stage-formativi-Lugano-2024-1061x1500.jpg 1061w, https:\/\/iacma.com\/wp-content\/uploads\/2024\/04\/ITA-stage-formativi-Lugano-2024-499x705.jpg 499w, https:\/\/iacma.com\/wp-content\/uploads\/2024\/04\/ITA-stage-formativi-Lugano-2024.jpg 1241w\" sizes=\"(max-width: 728px) 100vw, 728px\" \/><\/div><\/div><\/div><\/div>\n\n<\/div><\/div><\/div><!-- close content main div --><\/div><\/div><div id='av_section_19'  class='avia-section main_color avia-section-default avia-no-border-styling  avia-bg-style-scroll  avia-builder-el-151  el_after_av_section  el_before_av_section   container_wrap fullsize' style=' '  ><div class='container' ><div class='template-page content  av-content-full alpha units'><div class='post-entry post-entry-type-page post-entry-1601'><div class='entry-content-wrapper clearfix'>\n<div  style='padding-bottom:10px; ' class='av-special-heading av-special-heading-h1  blockquote modern-quote modern-centered  avia-builder-el-152  el_before_av_textblock  avia-builder-el-first  '><h1 class='av-special-heading-tag '  itemprop=\"headline\"  >Workshop in presenza 2023<\/h1><div class='special-heading-border'><div class='special-heading-inner-border' ><\/div><\/div><\/div>\n<section class=\"av_textblock_section \"  itemscope=\"itemscope\" itemtype=\"https:\/\/schema.org\/CreativeWork\" ><div class='avia_textblock  '   itemprop=\"text\" ><p style=\"text-align: center;\">Incontri con\u00a0 il M\u00b0 Wang\u00a0 Zhixiang e il\u00a0 M\u00b0 Isidoro Li Pira (Dao Le)<\/p>\n<\/div><\/section>\n\n<\/div><\/div><\/div><!-- close content main div --><\/div><\/div><div id='av_section_20'  class='avia-section main_color avia-section-default avia-no-border-styling  avia-bg-style-scroll  avia-builder-el-154  el_after_av_section  el_before_av_section   container_wrap fullsize' style='background-color: #ededed;  '  ><div class='container' ><div class='template-page content  av-content-full alpha units'><div class='post-entry post-entry-type-page post-entry-1601'><div class='entry-content-wrapper clearfix'>\n<div class=\"flex_column av_two_third  flex_column_div av-zero-column-padding first  avia-builder-el-155  el_before_av_one_third  avia-builder-el-first  \" style='border-radius:0px; '><p><div  style='padding-bottom:10px; color:#75464a;' class='av-special-heading av-special-heading-h3 custom-color-heading   avia-builder-el-156  el_before_av_heading  avia-builder-el-first  '><h3 class='av-special-heading-tag '  itemprop=\"headline\"  >Secondo stage anno 2023 a Lugano con il M\u00b0 Dott. Wang Zhixing e <span class='special_amp'>&#8220;<\/span>il Taijiquan dell\u2019Acqua<span class='special_amp'>&#8221;<\/span><\/h3><div class='special-heading-border'><div class='special-heading-inner-border' style='border-color:#75464a'><\/div><\/div><\/div><br \/>\n<div  style='padding-bottom:10px; color:#75464a;' class='av-special-heading av-special-heading-h5 custom-color-heading   avia-builder-el-157  el_after_av_heading  el_before_av_hr  '><h5 class='av-special-heading-tag '  itemprop=\"headline\"  >Presso Centro IACMA)<br \/>Via Sonvico 9 (Resega) Lugano (TI)<br \/>17-18-19 novembre 2023<\/h5><div class='special-heading-border'><div class='special-heading-inner-border' style='border-color:#75464a'><\/div><\/div><\/div><br \/>\n<div  style='height:30px' class='hr hr-invisible   avia-builder-el-158  el_after_av_heading  el_before_av_textblock '><span class='hr-inner ' ><span class='hr-inner-style'><\/span><\/span><\/div><br \/>\n<section class=\"av_textblock_section \"  itemscope=\"itemscope\" itemtype=\"https:\/\/schema.org\/CreativeWork\" ><div class='avia_textblock  '   itemprop=\"text\" ><p>Il M\u00b0 Wang sar\u00e0 coadiuvato dal M\u00b0 Isidoro Li Pira (responsabile della formazione Internazionale)<\/p>\n<p>Programma dello stage:<\/p>\n<ul>\n<li>Venerd\u00ec 17 novembre: serata dedicata alla meditazione Chan, cultura e pratica (19:00-21:45)<\/li>\n<li>Sabato 18 novembre: Qigong Fondamentale per il<br \/>\nlavoro interno Neigong e la forma Quanjia (09:30-17:00)<\/li>\n<li>Domenica 19 novembre: Taijiquan dell\u2019acqua:<br \/>\ni concetti alla base del sistema e la pratica a solo sulla forma Quanjia e del lavoro a due Tuishou (09:30-17:00)<\/li>\n<\/ul>\n<p>Per informazioni ed iscrizioni:<br \/>\n+41 91 941 78 66 &#8211; info@iacma.com<\/p>\n<\/div><\/section><br \/>\n<div  style='height:30px' class='hr hr-invisible   avia-builder-el-160  el_after_av_textblock  avia-builder-el-last '><span class='hr-inner ' ><span class='hr-inner-style'><\/span><\/span><\/div><\/p><\/div><div class=\"flex_column av_one_third  flex_column_div av-zero-column-padding   avia-builder-el-161  el_after_av_two_third  avia-builder-el-last  \" style='border-radius:0px; '><div  class='avia-image-container  av-styling-    avia-builder-el-162  avia-builder-el-no-sibling  avia-align-center '  itemprop=\"image\" itemscope=\"itemscope\" itemtype=\"https:\/\/schema.org\/ImageObject\"  ><div class='avia-image-container-inner'><div class='avia-image-overlay-wrap'><img decoding=\"async\" class='wp-image-2239 avia-img-lazy-loading-not-2239 avia_image' src=\"https:\/\/iacma.com\/wp-content\/uploads\/2024\/04\/ITA-Workshop-Lugano-Novembre-2023-728x1030.jpg\" alt='' title='ITA-Workshop Lugano Novembre 2023' height=\"1030\" width=\"728\"  itemprop=\"thumbnailUrl\" srcset=\"https:\/\/iacma.com\/wp-content\/uploads\/2024\/04\/ITA-Workshop-Lugano-Novembre-2023-728x1030.jpg 728w, https:\/\/iacma.com\/wp-content\/uploads\/2024\/04\/ITA-Workshop-Lugano-Novembre-2023-212x300.jpg 212w, https:\/\/iacma.com\/wp-content\/uploads\/2024\/04\/ITA-Workshop-Lugano-Novembre-2023-768x1086.jpg 768w, https:\/\/iacma.com\/wp-content\/uploads\/2024\/04\/ITA-Workshop-Lugano-Novembre-2023-1086x1536.jpg 1086w, https:\/\/iacma.com\/wp-content\/uploads\/2024\/04\/ITA-Workshop-Lugano-Novembre-2023-1060x1500.jpg 1060w, https:\/\/iacma.com\/wp-content\/uploads\/2024\/04\/ITA-Workshop-Lugano-Novembre-2023-498x705.jpg 498w, https:\/\/iacma.com\/wp-content\/uploads\/2024\/04\/ITA-Workshop-Lugano-Novembre-2023.jpg 1240w\" sizes=\"(max-width: 728px) 100vw, 728px\" \/><\/div><\/div><\/div><\/div>\n\n<\/div><\/div><\/div><!-- close content main div --><\/div><\/div><div id='av_section_21'  class='avia-section main_color avia-section-default avia-no-border-styling  avia-bg-style-scroll  avia-builder-el-163  el_after_av_section  el_before_av_section   container_wrap fullsize' style='background-color: #ffffff;  '  ><div class='container' ><div class='template-page content  av-content-full alpha units'><div class='post-entry post-entry-type-page post-entry-1601'><div class='entry-content-wrapper clearfix'>\n<div class=\"flex_column av_two_third  flex_column_div av-zero-column-padding first  avia-builder-el-164  el_before_av_one_third  avia-builder-el-first  \" style='border-radius:0px; '><p><div  style='padding-bottom:10px; color:#75464a;' class='av-special-heading av-special-heading-h3 custom-color-heading   avia-builder-el-165  el_before_av_heading  avia-builder-el-first  '><h3 class='av-special-heading-tag '  itemprop=\"headline\"  >Secondo stage di Neigong Tuina con il M\u00b0 Dott. Wang Zhixing <\/h3><div class='special-heading-border'><div class='special-heading-inner-border' style='border-color:#75464a'><\/div><\/div><\/div><br \/>\n<div  style='padding-bottom:10px; color:#75464a;' class='av-special-heading av-special-heading-h5 custom-color-heading   avia-builder-el-166  el_after_av_heading  el_before_av_hr  '><h5 class='av-special-heading-tag '  itemprop=\"headline\"  >Presso Centro IACMA)<br \/>Via Sonvico 9 (Resega) Lugano (TI)<br \/>Luned\u00ec 13, Mercoled\u00ec 15 novembre 2023<\/h5><div class='special-heading-border'><div class='special-heading-inner-border' style='border-color:#75464a'><\/div><\/div><\/div><br \/>\n<div  style='height:30px' class='hr hr-invisible   avia-builder-el-167  el_after_av_heading  el_before_av_textblock '><span class='hr-inner ' ><span class='hr-inner-style'><\/span><\/span><\/div><br \/>\n<section class=\"av_textblock_section \"  itemscope=\"itemscope\" itemtype=\"https:\/\/schema.org\/CreativeWork\" ><div class='avia_textblock  '   itemprop=\"text\" ><p>Il M\u00b0 Wang sar\u00e0 coadiuvato dal M\u00b0 Isidoro Li Pira (responsabile della formazione Internazionale)<\/p>\n<p>Programma dello stage:<\/p>\n<ul>\n<li>Luned\u00ec 13 novembre: Neigong Tuina per terapisti, apprendimento delle tecniche principali (19:00-21:45)<\/li>\n<li>Mercoled\u00ec 15 novembre: Neigong Tuina<br \/>\ntecniche e manipolazioni per patologie strutturali (19:00-21:45)<\/li>\n<\/ul>\n<p>Per informazioni ed Iscrizioni:<\/p>\n<p>+41 91 941 78 66 &#8211; info@iacma.com<\/p>\n<\/div><\/section><br \/>\n<div  style='height:30px' class='hr hr-invisible   avia-builder-el-169  el_after_av_textblock  avia-builder-el-last '><span class='hr-inner ' ><span class='hr-inner-style'><\/span><\/span><\/div><\/p><\/div><div class=\"flex_column av_one_third  flex_column_div av-zero-column-padding   avia-builder-el-170  el_after_av_two_third  avia-builder-el-last  \" style='border-radius:0px; '><div  class='avia-image-container  av-styling-    avia-builder-el-171  avia-builder-el-no-sibling  avia-align-center '  itemprop=\"image\" itemscope=\"itemscope\" itemtype=\"https:\/\/schema.org\/ImageObject\"  ><div class='avia-image-container-inner'><div class='avia-image-overlay-wrap'><img decoding=\"async\" class='wp-image-1734 avia-img-lazy-loading-not-1734 avia_image' src=\"https:\/\/iacma.com\/wp-content\/uploads\/2023\/10\/Stage-Neigong-Tuina-Novembre-2023-1-728x1030.jpg\" alt='' title='Stage Neigong Tuina Novembre 2023' height=\"1030\" width=\"728\"  itemprop=\"thumbnailUrl\" srcset=\"https:\/\/iacma.com\/wp-content\/uploads\/2023\/10\/Stage-Neigong-Tuina-Novembre-2023-1-728x1030.jpg 728w, https:\/\/iacma.com\/wp-content\/uploads\/2023\/10\/Stage-Neigong-Tuina-Novembre-2023-1-212x300.jpg 212w, https:\/\/iacma.com\/wp-content\/uploads\/2023\/10\/Stage-Neigong-Tuina-Novembre-2023-1-768x1086.jpg 768w, https:\/\/iacma.com\/wp-content\/uploads\/2023\/10\/Stage-Neigong-Tuina-Novembre-2023-1-1086x1536.jpg 1086w, https:\/\/iacma.com\/wp-content\/uploads\/2023\/10\/Stage-Neigong-Tuina-Novembre-2023-1-1060x1500.jpg 1060w, https:\/\/iacma.com\/wp-content\/uploads\/2023\/10\/Stage-Neigong-Tuina-Novembre-2023-1-498x705.jpg 498w, https:\/\/iacma.com\/wp-content\/uploads\/2023\/10\/Stage-Neigong-Tuina-Novembre-2023-1.jpg 1240w\" sizes=\"(max-width: 728px) 100vw, 728px\" \/><\/div><\/div><\/div><\/div>\n\n<\/div><\/div><\/div><!-- close content main div --><\/div><\/div><div id='av_section_22'  class='avia-section main_color avia-section-default avia-no-border-styling  avia-bg-style-scroll  avia-builder-el-172  el_after_av_section  el_before_av_section   container_wrap fullsize' style='background-color: #ededed;  '  ><div class='container' ><div class='template-page content  av-content-full alpha units'><div class='post-entry post-entry-type-page post-entry-1601'><div class='entry-content-wrapper clearfix'>\n<div class=\"flex_column av_two_third  flex_column_div av-zero-column-padding first  avia-builder-el-173  el_before_av_one_third  avia-builder-el-first  \" style='border-radius:0px; '><p><div  style='padding-bottom:10px; color:#75464a;' class='av-special-heading av-special-heading-h3 custom-color-heading   avia-builder-el-174  el_before_av_heading  avia-builder-el-first  '><h3 class='av-special-heading-tag '  itemprop=\"headline\"  >Primo stage di Neigong Tuina con il M\u00b0 Dott. Wang Zhixing <\/h3><div class='special-heading-border'><div class='special-heading-inner-border' style='border-color:#75464a'><\/div><\/div><\/div><br \/>\n<div  style='padding-bottom:10px; color:#75464a;' class='av-special-heading av-special-heading-h5 custom-color-heading   avia-builder-el-175  el_after_av_heading  el_before_av_hr  '><h5 class='av-special-heading-tag '  itemprop=\"headline\"  >Presso Centro IACMA)<br \/>Via Sonvico 9 (Resega) Lugano (TI)<br \/>Mercoled\u00ec 19, mercoled\u00ec 26, sabato 29, domenica 30 aprile 2023<\/h5><div class='special-heading-border'><div class='special-heading-inner-border' style='border-color:#75464a'><\/div><\/div><\/div><br \/>\n<div  style='height:30px' class='hr hr-invisible   avia-builder-el-176  el_after_av_heading  el_before_av_textblock '><span class='hr-inner ' ><span class='hr-inner-style'><\/span><\/span><\/div><br \/>\n<section class=\"av_textblock_section \"  itemscope=\"itemscope\" itemtype=\"https:\/\/schema.org\/CreativeWork\" ><div class='avia_textblock  '   itemprop=\"text\" ><p>Il M\u00b0 Wang sar\u00e0 coadiuvato dal M\u00b0 Isidoro Li Pira (responsabile della formazione Internazionale)<\/p>\n<p>Programma dello stage:<\/p>\n<ul>\n<li>Mercoled\u00ec 19 aprile: Neigong Tuina per terapisti, apprendimento delle tecniche principali (19:00-21:45)<\/li>\n<li>Mercoled\u00ec 26 aprile: Neigong Tuina pediatrico per\u00a0 terapisti, apprendimento delle tecniche principali (19:00-21:45)<\/li>\n<li>Sabato 29 e Domenica 30 aprile: Neigong Tuina, tecniche e manipolazioni per patologie strutturali, i concetti alla base del sistema e la pratica<br \/>\n(09:30-17:00)<\/p>\n<p>Per informazioni ed iscrizioni:<br \/>\n+41 91 941 78 66 &#8211; info@iacma.com<\/li>\n<\/ul>\n<\/div><\/section><br \/>\n<div  style='height:30px' class='hr hr-invisible   avia-builder-el-178  el_after_av_textblock  avia-builder-el-last '><span class='hr-inner ' ><span class='hr-inner-style'><\/span><\/span><\/div><\/p><\/div><div class=\"flex_column av_one_third  flex_column_div av-zero-column-padding   avia-builder-el-179  el_after_av_two_third  avia-builder-el-last  \" style='border-radius:0px; '><div  class='avia-image-container  av-styling-    avia-builder-el-180  avia-builder-el-no-sibling  avia-align-center '  itemprop=\"image\" itemscope=\"itemscope\" itemtype=\"https:\/\/schema.org\/ImageObject\"  ><div class='avia-image-container-inner'><div class='avia-image-overlay-wrap'><img decoding=\"async\" class='wp-image-1683 avia-img-lazy-loading-not-1683 avia_image' src=\"https:\/\/iacma.com\/wp-content\/uploads\/2023\/02\/Stage-Neigong-Tuina-Aprile-2023-728x1030.jpg\" alt='' title='Stage Neigong Tuina Aprile 2023' height=\"1030\" width=\"728\"  itemprop=\"thumbnailUrl\" srcset=\"https:\/\/iacma.com\/wp-content\/uploads\/2023\/02\/Stage-Neigong-Tuina-Aprile-2023-728x1030.jpg 728w, https:\/\/iacma.com\/wp-content\/uploads\/2023\/02\/Stage-Neigong-Tuina-Aprile-2023-212x300.jpg 212w, https:\/\/iacma.com\/wp-content\/uploads\/2023\/02\/Stage-Neigong-Tuina-Aprile-2023-768x1086.jpg 768w, https:\/\/iacma.com\/wp-content\/uploads\/2023\/02\/Stage-Neigong-Tuina-Aprile-2023-1086x1536.jpg 1086w, https:\/\/iacma.com\/wp-content\/uploads\/2023\/02\/Stage-Neigong-Tuina-Aprile-2023-1060x1500.jpg 1060w, https:\/\/iacma.com\/wp-content\/uploads\/2023\/02\/Stage-Neigong-Tuina-Aprile-2023-498x705.jpg 498w, https:\/\/iacma.com\/wp-content\/uploads\/2023\/02\/Stage-Neigong-Tuina-Aprile-2023.jpg 1240w\" sizes=\"(max-width: 728px) 100vw, 728px\" \/><\/div><\/div><\/div><\/div>\n\n<\/div><\/div><\/div><!-- close content main div --><\/div><\/div><div id='av_section_23'  class='avia-section main_color avia-section-default avia-no-border-styling  avia-bg-style-scroll  avia-builder-el-181  el_after_av_section  el_before_av_section   container_wrap fullsize' style='background-color: #ffffff;  '  ><div class='container' ><div class='template-page content  av-content-full alpha units'><div class='post-entry post-entry-type-page post-entry-1601'><div class='entry-content-wrapper clearfix'>\n<div class=\"flex_column av_two_third  flex_column_div av-zero-column-padding first  avia-builder-el-182  el_before_av_one_third  avia-builder-el-first  \" style='border-radius:0px; '><p><div  style='padding-bottom:10px; color:#75464a;' class='av-special-heading av-special-heading-h3 custom-color-heading   avia-builder-el-183  el_before_av_heading  avia-builder-el-first  '><h3 class='av-special-heading-tag '  itemprop=\"headline\"  >Primo stage anno 2023 a Lugano con il M\u00b0 Dott. Wang Zhixing e <span class='special_amp'>&#8220;<\/span>il Taijiquan dell\u2019Acqua<span class='special_amp'>&#8221;<\/span><\/h3><div class='special-heading-border'><div class='special-heading-inner-border' style='border-color:#75464a'><\/div><\/div><\/div><br \/>\n<div  style='padding-bottom:10px; color:#75464a;' class='av-special-heading av-special-heading-h5 custom-color-heading   avia-builder-el-184  el_after_av_heading  el_before_av_hr  '><h5 class='av-special-heading-tag '  itemprop=\"headline\"  >Presso Centro IACMA)<br \/>Via Sonvico 9 (Resega) Lugano (TI)<br \/>Venerd\u00ec 24, Sabato 25 e domenica 26 marzo 2023<\/h5><div class='special-heading-border'><div class='special-heading-inner-border' style='border-color:#75464a'><\/div><\/div><\/div><br \/>\n<div  style='height:30px' class='hr hr-invisible   avia-builder-el-185  el_after_av_heading  el_before_av_textblock '><span class='hr-inner ' ><span class='hr-inner-style'><\/span><\/span><\/div><br \/>\n<section class=\"av_textblock_section \"  itemscope=\"itemscope\" itemtype=\"https:\/\/schema.org\/CreativeWork\" ><div class='avia_textblock  '   itemprop=\"text\" ><p>Il M\u00b0 Wang sar\u00e0 coadiuvato dal M\u00b0 Isidoro Li Pira (responsabile della formazione Internazionale)<\/p>\n<p>Programma dello stage:<\/p>\n<ul>\n<li>Venerd\u00ec 24 marzo: serata dedicata alla meditazione Chan, cultura e pratica (19,00\/21,45)<\/li>\n<li>Sabato 25 marzo: Qigong Fondamentale per il\u00a0 lavoro interno Neigong e la forma Quanjia (9,30\/17,00)<\/li>\n<li>Domenica 26 marzo: Taijiquan dell\u2019acqua: i concetti alla base del sistema e la pratica a solo sulla forma Quanjia e del lavoro a due Tuishou<\/li>\n<\/ul>\n<p>Per informazioni ed Iscrizioni:<\/p>\n<p>+41 91 941 78 66 &#8211; info@iacma.com<\/p>\n<\/div><\/section><br \/>\n<div  style='height:30px' class='hr hr-invisible   avia-builder-el-187  el_after_av_textblock  avia-builder-el-last '><span class='hr-inner ' ><span class='hr-inner-style'><\/span><\/span><\/div><\/p><\/div><div class=\"flex_column av_one_third  flex_column_div av-zero-column-padding   avia-builder-el-188  el_after_av_two_third  avia-builder-el-last  \" style='border-radius:0px; '><div  class='avia-image-container  av-styling-    avia-builder-el-189  avia-builder-el-no-sibling  avia-align-center '  itemprop=\"image\" itemscope=\"itemscope\" itemtype=\"https:\/\/schema.org\/ImageObject\"  ><div class='avia-image-container-inner'><div class='avia-image-overlay-wrap'><img decoding=\"async\" class='wp-image-1666 avia-img-lazy-loading-not-1666 avia_image' src=\"https:\/\/iacma.com\/wp-content\/uploads\/2023\/02\/Stage-Lugano-Marzo-2023-728x1030.jpg\" alt='' title='Stage Lugano Marzo 2023' height=\"1030\" width=\"728\"  itemprop=\"thumbnailUrl\" srcset=\"https:\/\/iacma.com\/wp-content\/uploads\/2023\/02\/Stage-Lugano-Marzo-2023-728x1030.jpg 728w, https:\/\/iacma.com\/wp-content\/uploads\/2023\/02\/Stage-Lugano-Marzo-2023-212x300.jpg 212w, https:\/\/iacma.com\/wp-content\/uploads\/2023\/02\/Stage-Lugano-Marzo-2023-768x1086.jpg 768w, https:\/\/iacma.com\/wp-content\/uploads\/2023\/02\/Stage-Lugano-Marzo-2023-1086x1536.jpg 1086w, https:\/\/iacma.com\/wp-content\/uploads\/2023\/02\/Stage-Lugano-Marzo-2023-1060x1500.jpg 1060w, https:\/\/iacma.com\/wp-content\/uploads\/2023\/02\/Stage-Lugano-Marzo-2023-498x705.jpg 498w, https:\/\/iacma.com\/wp-content\/uploads\/2023\/02\/Stage-Lugano-Marzo-2023.jpg 1240w\" sizes=\"(max-width: 728px) 100vw, 728px\" \/><\/div><\/div><\/div><\/div>\n\n<\/div><\/div><\/div><!-- close content main div --><\/div><\/div><div id='av_section_24'  class='avia-section main_color avia-section-default avia-no-border-styling  avia-bg-style-scroll  avia-builder-el-190  el_after_av_section  avia-builder-el-last   container_wrap fullsize' style='background-color: #ededed;  '  ><div class='container' ><div class='template-page content  av-content-full alpha units'><div class='post-entry post-entry-type-page post-entry-1601'><div class='entry-content-wrapper clearfix'>\n<div class=\"flex_column av_two_third  flex_column_div av-zero-column-padding first  avia-builder-el-191  el_before_av_one_third  avia-builder-el-first  \" style='border-radius:0px; '><p><div  style='padding-bottom:10px; color:#75464a;' class='av-special-heading av-special-heading-h3 custom-color-heading   avia-builder-el-192  el_before_av_textblock  avia-builder-el-first  '><h3 class='av-special-heading-tag '  itemprop=\"headline\"  ><span class='special_amp'>\u201c<\/span>il Taijiquan dell\u2019acqua<span class='special_amp'>\u201d<\/span> , presso CENTRO IACMA &#8211;  Sabato e Domenica 7\/8 gennaio 2023<\/h3><div class='special-heading-border'><div class='special-heading-inner-border' style='border-color:#75464a'><\/div><\/div><\/div><br \/>\n<section class=\"av_textblock_section \"  itemscope=\"itemscope\" itemtype=\"https:\/\/schema.org\/CreativeWork\" ><div class='avia_textblock  '   itemprop=\"text\" ><p>A pochi mesi dall\u2019arrivo del M\u00b0 Wang Zhixiang, incontro di formazione e aggiornamento aperto a tutti gli studenti ed insegnanti di 1\u00b0 e 2\u00b0 livello.<\/p>\n<p>Temi dello stage:<\/p>\n<p>Neigong: fondamenti e cultura pratica:<br \/>\nZhang zhuang e Doyin Qigong;<br \/>\nTuishou sviluppo della sensorialit\u00e0 e didattica sulle 20 forze;<br \/>\nChuan Jia sviluppo dell\u2019esperienza attraverso la forma\u00a0 (lo scorrere fluido della 1\u00b0 forma l\u2019onda oscillatoria della 2\u00b0 forma)<\/p>\n<p>Informazioni e iscrizioni:<br \/>\nsegreteria@iacma.com +41 79 409 52 94<\/p>\n<\/div><\/section><\/p><\/div><div class=\"flex_column av_one_third  flex_column_div av-zero-column-padding   avia-builder-el-194  el_after_av_two_third  avia-builder-el-last  \" style='border-radius:0px; '><div  class='avia-image-container  av-styling-    avia-builder-el-195  avia-builder-el-no-sibling  avia-align-center '  itemprop=\"image\" itemscope=\"itemscope\" itemtype=\"https:\/\/schema.org\/ImageObject\"  ><div class='avia-image-container-inner'><div class='avia-image-overlay-wrap'><img decoding=\"async\" class='wp-image-1602 avia-img-lazy-loading-not-1602 avia_image' src=\"https:\/\/iacma.com\/wp-content\/uploads\/2022\/12\/Formazione-Lugano-Gen-2023.jpg\" alt='' title='Formazione Lugano Gen-2023' height=\"768\" width=\"543\"  itemprop=\"thumbnailUrl\" srcset=\"https:\/\/iacma.com\/wp-content\/uploads\/2022\/12\/Formazione-Lugano-Gen-2023.jpg 543w, https:\/\/iacma.com\/wp-content\/uploads\/2022\/12\/Formazione-Lugano-Gen-2023-212x300.jpg 212w, https:\/\/iacma.com\/wp-content\/uploads\/2022\/12\/Formazione-Lugano-Gen-2023-498x705.jpg 498w\" sizes=\"(max-width: 543px) 100vw, 543px\" \/><\/div><\/div><\/div><\/div>\n\n","protected":false},"excerpt":{"rendered":"","protected":false},"author":1,"featured_media":0,"parent":0,"menu_order":0,"comment_status":"closed","ping_status":"closed","template":"","meta":{"_monsterinsights_skip_tracking":false,"_monsterinsights_sitenote_active":false,"_monsterinsights_sitenote_note":"","_monsterinsights_sitenote_category":0,"footnotes":""},"class_list":["post-1601","page","type-page","status-publish","hentry"],"yoast_head":"<!-- This site is optimized with the Yoast SEO plugin v27.3 - https:\/\/yoast.com\/product\/yoast-seo-wordpress\/ -->\n<title>workshop in presenza - Arti Marziali Cinesi in Ticino<\/title>\n<meta name=\"robots\" content=\"index, follow, max-snippet:-1, max-image-preview:large, max-video-preview:-1\" \/>\n<link rel=\"canonical\" href=\"https:\/\/iacma.com\/index.php\/workshop-in-presenza-2023\/\" \/>\n<meta property=\"og:locale\" content=\"it_IT\" \/>\n<meta property=\"og:type\" content=\"article\" \/>\n<meta property=\"og:title\" content=\"workshop in presenza - Arti Marziali Cinesi in Ticino\" \/>\n<meta property=\"og:url\" content=\"https:\/\/iacma.com\/index.php\/workshop-in-presenza-2023\/\" \/>\n<meta property=\"og:site_name\" content=\"Arti Marziali Cinesi in Ticino\" \/>\n<meta property=\"article:modified_time\" content=\"2025-11-16T11:11:52+00:00\" \/>\n<meta name=\"twitter:card\" content=\"summary_large_image\" \/>\n<meta name=\"twitter:label1\" content=\"Tempo di lettura stimato\" \/>\n\t<meta name=\"twitter:data1\" content=\"42 minuti\" \/>\n<script type=\"application\/ld+json\" class=\"yoast-schema-graph\">{\"@context\":\"https:\\\/\\\/schema.org\",\"@graph\":[{\"@type\":\"WebPage\",\"@id\":\"https:\\\/\\\/iacma.com\\\/index.php\\\/workshop-in-presenza-2023\\\/\",\"url\":\"https:\\\/\\\/iacma.com\\\/index.php\\\/workshop-in-presenza-2023\\\/\",\"name\":\"workshop in presenza - Arti Marziali Cinesi in Ticino\",\"isPartOf\":{\"@id\":\"https:\\\/\\\/iacma.com\\\/#website\"},\"datePublished\":\"2022-12-27T08:51:07+00:00\",\"dateModified\":\"2025-11-16T11:11:52+00:00\",\"breadcrumb\":{\"@id\":\"https:\\\/\\\/iacma.com\\\/index.php\\\/workshop-in-presenza-2023\\\/#breadcrumb\"},\"inLanguage\":\"it-IT\",\"potentialAction\":[{\"@type\":\"ReadAction\",\"target\":[\"https:\\\/\\\/iacma.com\\\/index.php\\\/workshop-in-presenza-2023\\\/\"]}]},{\"@type\":\"BreadcrumbList\",\"@id\":\"https:\\\/\\\/iacma.com\\\/index.php\\\/workshop-in-presenza-2023\\\/#breadcrumb\",\"itemListElement\":[{\"@type\":\"ListItem\",\"position\":1,\"name\":\"Home\",\"item\":\"https:\\\/\\\/iacma.com\\\/\"},{\"@type\":\"ListItem\",\"position\":2,\"name\":\"workshop in presenza\"}]},{\"@type\":\"WebSite\",\"@id\":\"https:\\\/\\\/iacma.com\\\/#website\",\"url\":\"https:\\\/\\\/iacma.com\\\/\",\"name\":\"Arti Marziali Cinesi in Ticino\",\"description\":\"Arti Marziali Cinesi in Ticino\",\"potentialAction\":[{\"@type\":\"SearchAction\",\"target\":{\"@type\":\"EntryPoint\",\"urlTemplate\":\"https:\\\/\\\/iacma.com\\\/?s={search_term_string}\"},\"query-input\":{\"@type\":\"PropertyValueSpecification\",\"valueRequired\":true,\"valueName\":\"search_term_string\"}}],\"inLanguage\":\"it-IT\"}]}<\/script>\n<!-- \/ Yoast SEO plugin. -->","yoast_head_json":{"title":"workshop in presenza - Arti Marziali Cinesi in Ticino","robots":{"index":"index","follow":"follow","max-snippet":"max-snippet:-1","max-image-preview":"max-image-preview:large","max-video-preview":"max-video-preview:-1"},"canonical":"https:\/\/iacma.com\/index.php\/workshop-in-presenza-2023\/","og_locale":"it_IT","og_type":"article","og_title":"workshop in presenza - Arti Marziali Cinesi in Ticino","og_url":"https:\/\/iacma.com\/index.php\/workshop-in-presenza-2023\/","og_site_name":"Arti Marziali Cinesi in Ticino","article_modified_time":"2025-11-16T11:11:52+00:00","twitter_card":"summary_large_image","twitter_misc":{"Tempo di lettura stimato":"42 minuti"},"schema":{"@context":"https:\/\/schema.org","@graph":[{"@type":"WebPage","@id":"https:\/\/iacma.com\/index.php\/workshop-in-presenza-2023\/","url":"https:\/\/iacma.com\/index.php\/workshop-in-presenza-2023\/","name":"workshop in presenza - Arti Marziali Cinesi in Ticino","isPartOf":{"@id":"https:\/\/iacma.com\/#website"},"datePublished":"2022-12-27T08:51:07+00:00","dateModified":"2025-11-16T11:11:52+00:00","breadcrumb":{"@id":"https:\/\/iacma.com\/index.php\/workshop-in-presenza-2023\/#breadcrumb"},"inLanguage":"it-IT","potentialAction":[{"@type":"ReadAction","target":["https:\/\/iacma.com\/index.php\/workshop-in-presenza-2023\/"]}]},{"@type":"BreadcrumbList","@id":"https:\/\/iacma.com\/index.php\/workshop-in-presenza-2023\/#breadcrumb","itemListElement":[{"@type":"ListItem","position":1,"name":"Home","item":"https:\/\/iacma.com\/"},{"@type":"ListItem","position":2,"name":"workshop in presenza"}]},{"@type":"WebSite","@id":"https:\/\/iacma.com\/#website","url":"https:\/\/iacma.com\/","name":"Arti Marziali Cinesi in Ticino","description":"Arti Marziali Cinesi in Ticino","potentialAction":[{"@type":"SearchAction","target":{"@type":"EntryPoint","urlTemplate":"https:\/\/iacma.com\/?s={search_term_string}"},"query-input":{"@type":"PropertyValueSpecification","valueRequired":true,"valueName":"search_term_string"}}],"inLanguage":"it-IT"}]}},"_links":{"self":[{"href":"https:\/\/iacma.com\/index.php\/wp-json\/wp\/v2\/pages\/1601","targetHints":{"allow":["GET"]}}],"collection":[{"href":"https:\/\/iacma.com\/index.php\/wp-json\/wp\/v2\/pages"}],"about":[{"href":"https:\/\/iacma.com\/index.php\/wp-json\/wp\/v2\/types\/page"}],"author":[{"embeddable":true,"href":"https:\/\/iacma.com\/index.php\/wp-json\/wp\/v2\/users\/1"}],"replies":[{"embeddable":true,"href":"https:\/\/iacma.com\/index.php\/wp-json\/wp\/v2\/comments?post=1601"}],"version-history":[{"count":175,"href":"https:\/\/iacma.com\/index.php\/wp-json\/wp\/v2\/pages\/1601\/revisions"}],"predecessor-version":[{"id":2819,"href":"https:\/\/iacma.com\/index.php\/wp-json\/wp\/v2\/pages\/1601\/revisions\/2819"}],"wp:attachment":[{"href":"https:\/\/iacma.com\/index.php\/wp-json\/wp\/v2\/media?parent=1601"}],"curies":[{"name":"wp","href":"https:\/\/api.w.org\/{rel}","templated":true}]}}